{"id":102,"date":"2022-10-26T16:23:51","date_gmt":"2022-10-26T14:23:51","guid":{"rendered":"https:\/\/www.waegeli.ch\/?page_id=102"},"modified":"2023-03-09T14:55:19","modified_gmt":"2023-03-09T13:55:19","slug":"geschichte","status":"publish","type":"page","link":"https:\/\/www.waegeli.ch\/de\/ueber-uns\/geschichte\/","title":{"rendered":"Geschichte"},"content":{"rendered":"\t\t<div data-elementor-type=\"wp-page\" data-elementor-id=\"102\" class=\"elementor elementor-102\" data-elementor-post-type=\"page\">\n\t\t\t\t\t\t<section class=\"elementor-section elementor-top-section elementor-element elementor-element-d42881d elementor-section-full_width elementor-section-height-min-height header-image elementor-section-height-default elementor-section-items-middle\" data-id=\"d42881d\" data-element_type=\"section\" data-e-type=\"section\" data-settings=\"{&quot;background_background&quot;:&quot;classic&quot;}\">\n\t\t\t\t\t\t<div class=\"elementor-container elementor-column-gap-default\">\n\t\t\t\t\t<div class=\"elementor-column elementor-col-100 elementor-top-column elementor-element elementor-element-60efc96\" data-id=\"60efc96\" data-element_type=\"column\" data-e-type=\"column\">\n\t\t\t<div class=\"elementor-widget-wrap\">\n\t\t\t\t\t\t\t<\/div>\n\t\t<\/div>\n\t\t\t\t\t<\/div>\n\t\t<\/section>\n\t\t\t\t<section class=\"elementor-section elementor-top-section elementor-element elementor-element-808f23c elementor-section-boxed elementor-section-height-default elementor-section-height-default\" data-id=\"808f23c\" data-element_type=\"section\" data-e-type=\"section\">\n\t\t\t\t\t\t<div class=\"elementor-container elementor-column-gap-default\">\n\t\t\t\t\t<div class=\"elementor-column elementor-col-100 elementor-top-column elementor-element elementor-element-6107c7c\" data-id=\"6107c7c\" data-element_type=\"column\" data-e-type=\"column\">\n\t\t\t<div class=\"elementor-widget-wrap elementor-element-populated\">\n\t\t\t\t\t\t<section class=\"elementor-section elementor-inner-section elementor-element elementor-element-f05d5ac elementor-section-height-default elementor-section-boxed elementor-section-height-default\" data-id=\"f05d5ac\" data-element_type=\"section\" data-e-type=\"section\">\n\t\t\t\t\t\t<div class=\"elementor-container elementor-column-gap-default\">\n\t\t\t\t\t<div class=\"elementor-column elementor-col-100 elementor-top-column elementor-element elementor-element-818624d\" data-id=\"818624d\" data-element_type=\"column\" data-e-type=\"column\">\n\t\t\t<div class=\"elementor-widget-wrap elementor-element-populated\">\n\t\t\t\t\t\t<div class=\"elementor-element elementor-element-2679b0a elementor-widget elementor-widget-spacer\" data-id=\"2679b0a\" data-element_type=\"widget\" data-e-type=\"widget\" data-widget_type=\"spacer.default\">\n\t\t\t\t<div class=\"elementor-widget-container\">\n\t\t\t\t\t\t\t<div class=\"elementor-spacer\">\n\t\t\t<div class=\"elementor-spacer-inner\"><\/div>\n\t\t<\/div>\n\t\t\t\t\t\t<\/div>\n\t\t\t\t<\/div>\n\t\t\t\t<div class=\"elementor-element elementor-element-26098f7 elementor-widget elementor-widget-breadcrumbs\" data-id=\"26098f7\" data-element_type=\"widget\" data-e-type=\"widget\" data-widget_type=\"breadcrumbs.default\">\n\t\t\t\t<div class=\"elementor-widget-container\">\n\t\t\t\t\t<p id=\"breadcrumbs\"><span><span><a href=\"https:\/\/www.waegeli.ch\/de\/\">Startseite<\/a><\/span><\/span><\/p>\t\t\t\t<\/div>\n\t\t\t\t<\/div>\n\t\t\t\t<section class=\"elementor-section elementor-inner-section elementor-element elementor-element-6a864f9 elementor-section-boxed elementor-section-height-default elementor-section-height-default\" data-id=\"6a864f9\" data-element_type=\"section\" data-e-type=\"section\">\n\t\t\t\t\t\t<div class=\"elementor-container elementor-column-gap-default\">\n\t\t\t\t\t<div class=\"elementor-column elementor-col-50 elementor-inner-column elementor-element elementor-element-3600faf\" data-id=\"3600faf\" data-element_type=\"column\" data-e-type=\"column\">\n\t\t\t<div class=\"elementor-widget-wrap elementor-element-populated\">\n\t\t\t\t\t\t<div class=\"elementor-element elementor-element-837fa7b elementor-widget elementor-widget-heading\" data-id=\"837fa7b\" data-element_type=\"widget\" data-e-type=\"widget\" data-widget_type=\"heading.default\">\n\t\t\t\t<div class=\"elementor-widget-container\">\n\t\t\t\t\t<h1 class=\"elementor-heading-title elementor-size-default\">Geschichte<\/h1>\t\t\t\t<\/div>\n\t\t\t\t<\/div>\n\t\t\t\t<div class=\"elementor-element elementor-element-80a8136 elementor-widget elementor-widget-heading\" data-id=\"80a8136\" data-element_type=\"widget\" data-e-type=\"widget\" data-widget_type=\"heading.default\">\n\t\t\t\t<div class=\"elementor-widget-container\">\n\t\t\t\t\t<h3 class=\"elementor-heading-title elementor-size-default\">Konstant gewachsen \u2013 Familienbetrieb geblieben.<\/h3>\t\t\t\t<\/div>\n\t\t\t\t<\/div>\n\t\t\t\t<div class=\"elementor-element elementor-element-01d653c elementor-align-center elementor-tablet-align-right elementor-hidden-desktop elementor-hidden-tablet elementor-widget elementor-widget-button\" data-id=\"01d653c\" data-element_type=\"widget\" data-e-type=\"widget\" data-widget_type=\"button.default\">\n\t\t\t\t<div class=\"elementor-widget-container\">\n\t\t\t\t\t\t\t\t\t<div class=\"elementor-button-wrapper\">\n\t\t\t\t\t<a class=\"elementor-button elementor-button-link elementor-size-md\" href=\"http:\/\/www.waegeli.ch\/kontakt\/\">\n\t\t\t\t\t\t<span class=\"elementor-button-content-wrapper\">\n\t\t\t\t\t\t\t\t\t<span class=\"elementor-button-text\">Kontakt<\/span>\n\t\t\t\t\t<\/span>\n\t\t\t\t\t<\/a>\n\t\t\t\t<\/div>\n\t\t\t\t\t\t\t\t<\/div>\n\t\t\t\t<\/div>\n\t\t\t\t\t<\/div>\n\t\t<\/div>\n\t\t\t\t<div class=\"elementor-column elementor-col-50 elementor-inner-column elementor-element elementor-element-13b4194\" data-id=\"13b4194\" data-element_type=\"column\" data-e-type=\"column\">\n\t\t\t<div class=\"elementor-widget-wrap elementor-element-populated\">\n\t\t\t\t\t\t<div class=\"elementor-element elementor-element-2090b36 elementor-align-right elementor-hidden-mobile elementor-tablet-align-right elementor-widget elementor-widget-button\" data-id=\"2090b36\" data-element_type=\"widget\" data-e-type=\"widget\" data-widget_type=\"button.default\">\n\t\t\t\t<div class=\"elementor-widget-container\">\n\t\t\t\t\t\t\t\t\t<div class=\"elementor-button-wrapper\">\n\t\t\t\t\t<a class=\"elementor-button elementor-button-link elementor-size-md\" href=\"http:\/\/www.waegeli.ch\/kontakt\/\">\n\t\t\t\t\t\t<span class=\"elementor-button-content-wrapper\">\n\t\t\t\t\t\t\t\t\t<span class=\"elementor-button-text\">Kontakt<\/span>\n\t\t\t\t\t<\/span>\n\t\t\t\t\t<\/a>\n\t\t\t\t<\/div>\n\t\t\t\t\t\t\t\t<\/div>\n\t\t\t\t<\/div>\n\t\t\t\t\t<\/div>\n\t\t<\/div>\n\t\t\t\t\t<\/div>\n\t\t<\/section>\n\t\t\t\t\t<\/div>\n\t\t<\/div>\n\t\t\t\t\t<\/div>\n\t\t<\/section>\n\t\t\t\t\t<\/div>\n\t\t<\/div>\n\t\t\t\t\t<\/div>\n\t\t<\/section>\n\t\t\t\t<section class=\"elementor-section elementor-top-section elementor-element elementor-element-100114f elementor-section-boxed elementor-section-height-default elementor-section-height-default\" data-id=\"100114f\" data-element_type=\"section\" data-e-type=\"section\">\n\t\t\t\t\t\t<div class=\"elementor-container elementor-column-gap-default\">\n\t\t\t\t\t<div class=\"elementor-column elementor-col-100 elementor-top-column elementor-element elementor-element-ae75438\" data-id=\"ae75438\" data-element_type=\"column\" data-e-type=\"column\">\n\t\t\t<div class=\"elementor-widget-wrap elementor-element-populated\">\n\t\t\t\t\t\t<div class=\"elementor-element elementor-element-b386231 elementor-widget-divider--view-line elementor-widget elementor-widget-divider\" data-id=\"b386231\" data-element_type=\"widget\" data-e-type=\"widget\" data-widget_type=\"divider.default\">\n\t\t\t\t<div class=\"elementor-widget-container\">\n\t\t\t\t\t\t\t<div class=\"elementor-divider\">\n\t\t\t<span class=\"elementor-divider-separator\">\n\t\t\t\t\t\t<\/span>\n\t\t<\/div>\n\t\t\t\t\t\t<\/div>\n\t\t\t\t<\/div>\n\t\t\t\t\t<\/div>\n\t\t<\/div>\n\t\t\t\t\t<\/div>\n\t\t<\/section>\n\t\t\t\t<section class=\"elementor-section elementor-top-section elementor-element elementor-element-95d7a00 elementor-section-boxed elementor-section-height-default elementor-section-height-default\" data-id=\"95d7a00\" data-element_type=\"section\" data-e-type=\"section\">\n\t\t\t\t\t\t<div class=\"elementor-container elementor-column-gap-default\">\n\t\t\t\t\t<div class=\"elementor-column elementor-col-100 elementor-top-column elementor-element elementor-element-30ae642\" data-id=\"30ae642\" data-element_type=\"column\" data-e-type=\"column\">\n\t\t\t<div class=\"elementor-widget-wrap elementor-element-populated\">\n\t\t\t\t\t\t<div class=\"elementor-element elementor-element-f72cc70 elementor-widget elementor-widget-shortcode\" data-id=\"f72cc70\" data-element_type=\"widget\" data-e-type=\"widget\" data-widget_type=\"shortcode.default\">\n\t\t\t\t<div class=\"elementor-widget-container\">\n\t\t\t\t\t\t\t<div class=\"elementor-shortcode\">\n<table id=\"tablepress-1\" class=\"tablepress tablepress-id-1 history-table\">\n<thead>\n<tr class=\"row-1\">\n\t<th class=\"column-1\">Jahr<\/th><th class=\"column-2\">Geschichte<\/th>\n<\/tr>\n<\/thead>\n<tbody class=\"row-striping\">\n<tr class=\"row-2\">\n\t<td class=\"column-1\">1959<\/td><td class=\"column-2\">Gr\u00fcndung der Firma durch Otto W\u00e4geli<\/td>\n<\/tr>\n<tr class=\"row-3\">\n\t<td class=\"column-1\">1961<\/td><td class=\"column-2\">Anstellung 1. Lehrling<\/td>\n<\/tr>\n<tr class=\"row-4\">\n\t<td class=\"column-1\">1961<\/td><td class=\"column-2\">Bau 2- st\u00f6ckiger Holzschopf f\u00fcr Massivholz und Plattenlager<\/td>\n<\/tr>\n<tr class=\"row-5\">\n\t<td class=\"column-1\">1963<\/td><td class=\"column-2\">1. Anbau f\u00fcr Vergr\u00f6sserung des Maschinen- und Bankraumes sowie 2 Mitarbeiterzimmer<\/td>\n<\/tr>\n<tr class=\"row-6\">\n\t<td class=\"column-1\">1972<\/td><td class=\"column-2\">Erweiterung Maschinenraum inkl. Unterstand f\u00fcr Anlieferung Holz- und Plattenware, Abstellpl\u00e4tze f\u00fcr Lieferwagen<\/td>\n<\/tr>\n<tr class=\"row-7\">\n\t<td class=\"column-1\">1976<\/td><td class=\"column-2\">Holzschopfanbau f\u00fcr Massivholz<\/td>\n<\/tr>\n<tr class=\"row-8\">\n\t<td class=\"column-1\">1976 - 1983<\/td><td class=\"column-2\">Eintritte der S\u00f6hne Michael, Silvan und Klemens W\u00e4geli<\/td>\n<\/tr>\n<tr class=\"row-9\">\n\t<td class=\"column-1\">1983<\/td><td class=\"column-2\">Anbau Bankraum, B\u00fcro und 2-Familienhaus<\/td>\n<\/tr>\n<tr class=\"row-10\">\n\t<td class=\"column-1\">1984<\/td><td class=\"column-2\">Feier 25-Jahr Jubil\u00e4um<\/td>\n<\/tr>\n<tr class=\"row-11\">\n\t<td class=\"column-1\">1990<\/td><td class=\"column-2\">Anbau Maschinenraum und Plattenlager 3-st\u00f6ckig, sowie Bankraum und Werkstatt<\/td>\n<\/tr>\n<tr class=\"row-12\">\n\t<td class=\"column-1\">1990<\/td><td class=\"column-2\">Umwandlung der Einzelfirma in Otto W\u00e4geli &amp; Co<\/td>\n<\/tr>\n<tr class=\"row-13\">\n\t<td class=\"column-1\">1995<\/td><td class=\"column-2\">Umwandlung Otto W\u00e4geli &amp; Co in eine AG<\/td>\n<\/tr>\n<tr class=\"row-14\">\n\t<td class=\"column-1\">1995<\/td><td class=\"column-2\">\u00dcbernahme der Gesch\u00e4ftsleitung durch Michael und Klemens W\u00e4geli<\/td>\n<\/tr>\n<tr class=\"row-15\">\n\t<td class=\"column-1\">1997<\/td><td class=\"column-2\">Neue Ausstellungsr\u00e4ume<\/td>\n<\/tr>\n<tr class=\"row-16\">\n\t<td class=\"column-1\">1999<\/td><td class=\"column-2\">40-Jahr Jubil\u00e4um<\/td>\n<\/tr>\n<tr class=\"row-17\">\n\t<td class=\"column-1\">2008<\/td><td class=\"column-2\">Vertrieb Samina-Bettsystem<\/td>\n<\/tr>\n<tr class=\"row-18\">\n\t<td class=\"column-1\">2005<\/td><td class=\"column-2\">\u00dcbernahme Ernst Schreinerei, Walzm\u00fchlestrasse 6a, 8500 Frauenfeld<\/td>\n<\/tr>\n<tr class=\"row-19\">\n\t<td class=\"column-1\">2009<\/td><td class=\"column-2\">50-Jahr Jubil\u00e4um<\/td>\n<\/tr>\n<tr class=\"row-20\">\n\t<td class=\"column-1\">2021<\/td><td class=\"column-2\">Austritt Michael und Vreni W\u00e4geli<\/td>\n<\/tr>\n<\/tbody>\n<\/table>\n<\/div>\n\t\t\t\t\t\t<\/div>\n\t\t\t\t<\/div>\n\t\t\t\t\t<\/div>\n\t\t<\/div>\n\t\t\t\t\t<\/div>\n\t\t<\/section>\n\t\t\t\t<\/div>\n\t\t","protected":false},"excerpt":{"rendered":"<p>Geschichte Konstant gewachsen \u2013 Familienbetrieb geblieben. Kontakt Kontakt<\/p>\n","protected":false},"author":2,"featured_media":2361,"parent":42,"menu_order":0,"comment_status":"closed","ping_status":"closed","template":"","meta":{"_acf_changed":false,"footnotes":""},"class_list":["post-102","page","type-page","status-publish","has-post-thumbnail","hentry"],"acf":[],"yoast_head":"<!-- This site is optimized with the Yoast SEO plugin v26.9 - https:\/\/yoast.com\/product\/yoast-seo-wordpress\/ -->\n<title>Geschichte - Schreinerei Otto W\u00e4geli AG<\/title>\n<meta name=\"description\" content=\"Konstant gewachsen \u2013 Familienbetrieb geblieben. Seit 1959 ist die Schreinerei Otto W\u00e4geli f\u00fcr Sie da.\" \/>\n<meta name=\"robots\" content=\"index, follow, max-snippet:-1, max-image-preview:large, max-video-preview:-1\" \/>\n<link rel=\"canonical\" href=\"https:\/\/www.waegeli.ch\/de\/ueber-uns\/geschichte\/\" \/>\n<meta property=\"og:locale\" content=\"de_DE\" \/>\n<meta property=\"og:type\" content=\"article\" \/>\n<meta property=\"og:title\" content=\"Geschichte - Schreinerei Otto W\u00e4geli AG\" \/>\n<meta property=\"og:description\" content=\"Konstant gewachsen \u2013 Familienbetrieb geblieben. Seit 1959 ist die Schreinerei Otto W\u00e4geli f\u00fcr Sie da.\" \/>\n<meta property=\"og:url\" content=\"https:\/\/www.waegeli.ch\/de\/ueber-uns\/geschichte\/\" \/>\n<meta property=\"og:site_name\" content=\"Schreinerei Otto W\u00e4geli AG\" \/>\n<meta property=\"article:modified_time\" content=\"2023-03-09T13:55:19+00:00\" \/>\n<meta property=\"og:image\" content=\"https:\/\/www.waegeli.ch\/wp-content\/uploads\/2018\/07\/geschichte-schreinerei-otto-waegeli-ag.jpg\" \/>\n\t<meta property=\"og:image:width\" content=\"687\" \/>\n\t<meta property=\"og:image:height\" content=\"308\" \/>\n\t<meta property=\"og:image:type\" content=\"image\/jpeg\" \/>\n<meta name=\"twitter:card\" content=\"summary_large_image\" \/>\n<meta name=\"twitter:label1\" content=\"Gesch\u00e4tzte Lesezeit\" \/>\n\t<meta name=\"twitter:data1\" content=\"1\u00a0Minute\" \/>\n<script type=\"application\/ld+json\" class=\"yoast-schema-graph\">{\"@context\":\"https:\/\/schema.org\",\"@graph\":[{\"@type\":\"WebPage\",\"@id\":\"https:\/\/www.waegeli.ch\/de\/ueber-uns\/geschichte\/\",\"url\":\"https:\/\/www.waegeli.ch\/de\/ueber-uns\/geschichte\/\",\"name\":\"Geschichte - Schreinerei Otto W\u00e4geli AG\",\"isPartOf\":{\"@id\":\"https:\/\/www.waegeli.ch\/de\/#website\"},\"primaryImageOfPage\":{\"@id\":\"https:\/\/www.waegeli.ch\/de\/ueber-uns\/geschichte\/#primaryimage\"},\"image\":{\"@id\":\"https:\/\/www.waegeli.ch\/de\/ueber-uns\/geschichte\/#primaryimage\"},\"thumbnailUrl\":\"https:\/\/www.waegeli.ch\/wp-content\/uploads\/2018\/07\/geschichte-schreinerei-otto-waegeli-ag.jpg\",\"datePublished\":\"2022-10-26T14:23:51+00:00\",\"dateModified\":\"2023-03-09T13:55:19+00:00\",\"description\":\"Konstant gewachsen \u2013 Familienbetrieb geblieben. Seit 1959 ist die Schreinerei Otto W\u00e4geli f\u00fcr Sie da.\",\"breadcrumb\":{\"@id\":\"https:\/\/www.waegeli.ch\/de\/ueber-uns\/geschichte\/#breadcrumb\"},\"inLanguage\":\"de\",\"potentialAction\":[{\"@type\":\"ReadAction\",\"target\":[\"https:\/\/www.waegeli.ch\/de\/ueber-uns\/geschichte\/\"]}]},{\"@type\":\"ImageObject\",\"inLanguage\":\"de\",\"@id\":\"https:\/\/www.waegeli.ch\/de\/ueber-uns\/geschichte\/#primaryimage\",\"url\":\"https:\/\/www.waegeli.ch\/wp-content\/uploads\/2018\/07\/geschichte-schreinerei-otto-waegeli-ag.jpg\",\"contentUrl\":\"https:\/\/www.waegeli.ch\/wp-content\/uploads\/2018\/07\/geschichte-schreinerei-otto-waegeli-ag.jpg\",\"width\":687,\"height\":308,\"caption\":\"Geschichte der Schreinerei Otto W\u00e4geli AG\"},{\"@type\":\"BreadcrumbList\",\"@id\":\"https:\/\/www.waegeli.ch\/de\/ueber-uns\/geschichte\/#breadcrumb\",\"itemListElement\":[{\"@type\":\"ListItem\",\"position\":1,\"name\":\"Startseite\",\"item\":\"https:\/\/www.waegeli.ch\/de\/\"},{\"@type\":\"ListItem\",\"position\":2,\"name\":\"\u00dcber uns\",\"item\":\"https:\/\/www.waegeli.ch\/de\/ueber-uns\/\"},{\"@type\":\"ListItem\",\"position\":3,\"name\":\"Geschichte\"}]},{\"@type\":\"WebSite\",\"@id\":\"https:\/\/www.waegeli.ch\/de\/#website\",\"url\":\"https:\/\/www.waegeli.ch\/de\/\",\"name\":\"Schreinerei Otto W\u00e4geli AG\",\"description\":\"Holz ist das ganze Leben\",\"publisher\":{\"@id\":\"https:\/\/www.waegeli.ch\/de\/#organization\"},\"potentialAction\":[{\"@type\":\"SearchAction\",\"target\":{\"@type\":\"EntryPoint\",\"urlTemplate\":\"https:\/\/www.waegeli.ch\/de\/?s={search_term_string}\"},\"query-input\":{\"@type\":\"PropertyValueSpecification\",\"valueRequired\":true,\"valueName\":\"search_term_string\"}}],\"inLanguage\":\"de\"},{\"@type\":\"Organization\",\"@id\":\"https:\/\/www.waegeli.ch\/de\/#organization\",\"name\":\"Schreinerei Otto W\u00e4geli AG\",\"url\":\"https:\/\/www.waegeli.ch\/de\/\",\"logo\":{\"@type\":\"ImageObject\",\"inLanguage\":\"de\",\"@id\":\"https:\/\/www.waegeli.ch\/de\/#\/schema\/logo\/image\/\",\"url\":\"https:\/\/www.waegeli.ch\/wp-content\/uploads\/2022\/10\/OttoWaegeli.png\",\"contentUrl\":\"https:\/\/www.waegeli.ch\/wp-content\/uploads\/2022\/10\/OttoWaegeli.png\",\"width\":233,\"height\":70,\"caption\":\"Schreinerei Otto W\u00e4geli AG\"},\"image\":{\"@id\":\"https:\/\/www.waegeli.ch\/de\/#\/schema\/logo\/image\/\"}}]}<\/script>\n<!-- \/ Yoast SEO plugin. -->","yoast_head_json":{"title":"Geschichte - Schreinerei Otto W\u00e4geli AG","description":"Konstant gewachsen \u2013 Familienbetrieb geblieben. Seit 1959 ist die Schreinerei Otto W\u00e4geli f\u00fcr Sie da.","robots":{"index":"index","follow":"follow","max-snippet":"max-snippet:-1","max-image-preview":"max-image-preview:large","max-video-preview":"max-video-preview:-1"},"canonical":"https:\/\/www.waegeli.ch\/de\/ueber-uns\/geschichte\/","og_locale":"de_DE","og_type":"article","og_title":"Geschichte - Schreinerei Otto W\u00e4geli AG","og_description":"Konstant gewachsen \u2013 Familienbetrieb geblieben. Seit 1959 ist die Schreinerei Otto W\u00e4geli f\u00fcr Sie da.","og_url":"https:\/\/www.waegeli.ch\/de\/ueber-uns\/geschichte\/","og_site_name":"Schreinerei Otto W\u00e4geli AG","article_modified_time":"2023-03-09T13:55:19+00:00","og_image":[{"width":687,"height":308,"url":"https:\/\/www.waegeli.ch\/wp-content\/uploads\/2018\/07\/geschichte-schreinerei-otto-waegeli-ag.jpg","type":"image\/jpeg"}],"twitter_card":"summary_large_image","twitter_misc":{"Gesch\u00e4tzte Lesezeit":"1\u00a0Minute"},"schema":{"@context":"https:\/\/schema.org","@graph":[{"@type":"WebPage","@id":"https:\/\/www.waegeli.ch\/de\/ueber-uns\/geschichte\/","url":"https:\/\/www.waegeli.ch\/de\/ueber-uns\/geschichte\/","name":"Geschichte - Schreinerei Otto W\u00e4geli AG","isPartOf":{"@id":"https:\/\/www.waegeli.ch\/de\/#website"},"primaryImageOfPage":{"@id":"https:\/\/www.waegeli.ch\/de\/ueber-uns\/geschichte\/#primaryimage"},"image":{"@id":"https:\/\/www.waegeli.ch\/de\/ueber-uns\/geschichte\/#primaryimage"},"thumbnailUrl":"https:\/\/www.waegeli.ch\/wp-content\/uploads\/2018\/07\/geschichte-schreinerei-otto-waegeli-ag.jpg","datePublished":"2022-10-26T14:23:51+00:00","dateModified":"2023-03-09T13:55:19+00:00","description":"Konstant gewachsen \u2013 Familienbetrieb geblieben. Seit 1959 ist die Schreinerei Otto W\u00e4geli f\u00fcr Sie da.","breadcrumb":{"@id":"https:\/\/www.waegeli.ch\/de\/ueber-uns\/geschichte\/#breadcrumb"},"inLanguage":"de","potentialAction":[{"@type":"ReadAction","target":["https:\/\/www.waegeli.ch\/de\/ueber-uns\/geschichte\/"]}]},{"@type":"ImageObject","inLanguage":"de","@id":"https:\/\/www.waegeli.ch\/de\/ueber-uns\/geschichte\/#primaryimage","url":"https:\/\/www.waegeli.ch\/wp-content\/uploads\/2018\/07\/geschichte-schreinerei-otto-waegeli-ag.jpg","contentUrl":"https:\/\/www.waegeli.ch\/wp-content\/uploads\/2018\/07\/geschichte-schreinerei-otto-waegeli-ag.jpg","width":687,"height":308,"caption":"Geschichte der Schreinerei Otto W\u00e4geli AG"},{"@type":"BreadcrumbList","@id":"https:\/\/www.waegeli.ch\/de\/ueber-uns\/geschichte\/#breadcrumb","itemListElement":[{"@type":"ListItem","position":1,"name":"Startseite","item":"https:\/\/www.waegeli.ch\/de\/"},{"@type":"ListItem","position":2,"name":"\u00dcber uns","item":"https:\/\/www.waegeli.ch\/de\/ueber-uns\/"},{"@type":"ListItem","position":3,"name":"Geschichte"}]},{"@type":"WebSite","@id":"https:\/\/www.waegeli.ch\/de\/#website","url":"https:\/\/www.waegeli.ch\/de\/","name":"Schreinerei Otto W\u00e4geli AG","description":"Holz ist das ganze Leben","publisher":{"@id":"https:\/\/www.waegeli.ch\/de\/#organization"},"potentialAction":[{"@type":"SearchAction","target":{"@type":"EntryPoint","urlTemplate":"https:\/\/www.waegeli.ch\/de\/?s={search_term_string}"},"query-input":{"@type":"PropertyValueSpecification","valueRequired":true,"valueName":"search_term_string"}}],"inLanguage":"de"},{"@type":"Organization","@id":"https:\/\/www.waegeli.ch\/de\/#organization","name":"Schreinerei Otto W\u00e4geli AG","url":"https:\/\/www.waegeli.ch\/de\/","logo":{"@type":"ImageObject","inLanguage":"de","@id":"https:\/\/www.waegeli.ch\/de\/#\/schema\/logo\/image\/","url":"https:\/\/www.waegeli.ch\/wp-content\/uploads\/2022\/10\/OttoWaegeli.png","contentUrl":"https:\/\/www.waegeli.ch\/wp-content\/uploads\/2022\/10\/OttoWaegeli.png","width":233,"height":70,"caption":"Schreinerei Otto W\u00e4geli AG"},"image":{"@id":"https:\/\/www.waegeli.ch\/de\/#\/schema\/logo\/image\/"}}]}},"_links":{"self":[{"href":"https:\/\/www.waegeli.ch\/de\/wp-json\/wp\/v2\/pages\/102","targetHints":{"allow":["GET"]}}],"collection":[{"href":"https:\/\/www.waegeli.ch\/de\/wp-json\/wp\/v2\/pages"}],"about":[{"href":"https:\/\/www.waegeli.ch\/de\/wp-json\/wp\/v2\/types\/page"}],"author":[{"embeddable":true,"href":"https:\/\/www.waegeli.ch\/de\/wp-json\/wp\/v2\/users\/2"}],"replies":[{"embeddable":true,"href":"https:\/\/www.waegeli.ch\/de\/wp-json\/wp\/v2\/comments?post=102"}],"version-history":[{"count":0,"href":"https:\/\/www.waegeli.ch\/de\/wp-json\/wp\/v2\/pages\/102\/revisions"}],"up":[{"embeddable":true,"href":"https:\/\/www.waegeli.ch\/de\/wp-json\/wp\/v2\/pages\/42"}],"wp:featuredmedia":[{"embeddable":true,"href":"https:\/\/www.waegeli.ch\/de\/wp-json\/wp\/v2\/media\/2361"}],"wp:attachment":[{"href":"https:\/\/www.waegeli.ch\/de\/wp-json\/wp\/v2\/media?parent=102"}],"curies":[{"name":"wp","href":"https:\/\/api.w.org\/{rel}","templated":true}]}}