{"id":35,"date":"2022-10-26T09:42:44","date_gmt":"2022-10-26T07:42:44","guid":{"rendered":"https:\/\/www.waegeli.ch\/?page_id=35"},"modified":"2025-02-06T11:03:05","modified_gmt":"2025-02-06T10:03:05","slug":"news","status":"publish","type":"page","link":"https:\/\/www.waegeli.ch\/de\/news\/","title":{"rendered":"News"},"content":{"rendered":"\t\t<div data-elementor-type=\"wp-page\" data-elementor-id=\"35\" class=\"elementor elementor-35\" data-elementor-post-type=\"page\">\n\t\t\t\t\t\t<section class=\"elementor-section elementor-top-section elementor-element elementor-element-2f12065 elementor-section-boxed elementor-section-height-default elementor-section-height-default\" data-id=\"2f12065\" data-element_type=\"section\" data-e-type=\"section\">\n\t\t\t\t\t\t<div class=\"elementor-container elementor-column-gap-default\">\n\t\t\t\t\t<div class=\"elementor-column elementor-col-100 elementor-top-column elementor-element elementor-element-1d88a69\" data-id=\"1d88a69\" data-element_type=\"column\" data-e-type=\"column\">\n\t\t\t<div class=\"elementor-widget-wrap elementor-element-populated\">\n\t\t\t\t\t\t<section class=\"elementor-section elementor-inner-section elementor-element elementor-element-43920b0 elementor-section-height-default elementor-section-boxed elementor-section-height-default\" data-id=\"43920b0\" data-element_type=\"section\" data-e-type=\"section\">\n\t\t\t\t\t\t<div class=\"elementor-container elementor-column-gap-default\">\n\t\t\t\t\t<div class=\"elementor-column elementor-col-100 elementor-top-column elementor-element elementor-element-8489056\" data-id=\"8489056\" data-element_type=\"column\" data-e-type=\"column\">\n\t\t\t<div class=\"elementor-widget-wrap elementor-element-populated\">\n\t\t\t\t\t\t<div class=\"elementor-element elementor-element-b57e46e elementor-widget elementor-widget-spacer\" data-id=\"b57e46e\" data-element_type=\"widget\" data-e-type=\"widget\" data-widget_type=\"spacer.default\">\n\t\t\t\t<div class=\"elementor-widget-container\">\n\t\t\t\t\t\t\t<div class=\"elementor-spacer\">\n\t\t\t<div class=\"elementor-spacer-inner\"><\/div>\n\t\t<\/div>\n\t\t\t\t\t\t<\/div>\n\t\t\t\t<\/div>\n\t\t\t\t<section class=\"elementor-section elementor-inner-section elementor-element elementor-element-85eca16 elementor-section-boxed elementor-section-height-default elementor-section-height-default\" data-id=\"85eca16\" data-element_type=\"section\" data-e-type=\"section\">\n\t\t\t\t\t\t<div class=\"elementor-container elementor-column-gap-default\">\n\t\t\t\t\t<div class=\"elementor-column elementor-col-50 elementor-inner-column elementor-element elementor-element-c145c3e\" data-id=\"c145c3e\" data-element_type=\"column\" data-e-type=\"column\">\n\t\t\t<div class=\"elementor-widget-wrap elementor-element-populated\">\n\t\t\t\t\t\t<div class=\"elementor-element elementor-element-fbb6857 elementor-widget elementor-widget-heading\" data-id=\"fbb6857\" data-element_type=\"widget\" data-e-type=\"widget\" data-widget_type=\"heading.default\">\n\t\t\t\t<div class=\"elementor-widget-container\">\n\t\t\t\t\t<h1 class=\"elementor-heading-title elementor-size-default\">News<\/h1>\t\t\t\t<\/div>\n\t\t\t\t<\/div>\n\t\t\t\t<div class=\"elementor-element elementor-element-79c9591 elementor-align-left elementor-tablet-align-left elementor-hidden-desktop elementor-widget elementor-widget-button\" data-id=\"79c9591\" data-element_type=\"widget\" data-e-type=\"widget\" data-widget_type=\"button.default\">\n\t\t\t\t<div class=\"elementor-widget-container\">\n\t\t\t\t\t\t\t\t\t<div class=\"elementor-button-wrapper\">\n\t\t\t\t\t<a class=\"elementor-button elementor-button-link elementor-size-md\" href=\"http:\/\/www.waegeli.ch\/kontakt\/\">\n\t\t\t\t\t\t<span class=\"elementor-button-content-wrapper\">\n\t\t\t\t\t\t\t\t\t<span class=\"elementor-button-text\">Kontakt<\/span>\n\t\t\t\t\t<\/span>\n\t\t\t\t\t<\/a>\n\t\t\t\t<\/div>\n\t\t\t\t\t\t\t\t<\/div>\n\t\t\t\t<\/div>\n\t\t\t\t\t<\/div>\n\t\t<\/div>\n\t\t\t\t<div class=\"elementor-column elementor-col-50 elementor-inner-column elementor-element elementor-element-114f845\" data-id=\"114f845\" data-element_type=\"column\" data-e-type=\"column\">\n\t\t\t<div class=\"elementor-widget-wrap elementor-element-populated\">\n\t\t\t\t\t\t<div class=\"elementor-element elementor-element-bcd90aa elementor-align-right elementor-hidden-mobile elementor-tablet-align-right elementor-hidden-tablet elementor-widget elementor-widget-button\" data-id=\"bcd90aa\" data-element_type=\"widget\" data-e-type=\"widget\" data-widget_type=\"button.default\">\n\t\t\t\t<div class=\"elementor-widget-container\">\n\t\t\t\t\t\t\t\t\t<div class=\"elementor-button-wrapper\">\n\t\t\t\t\t<a class=\"elementor-button elementor-button-link elementor-size-md\" href=\"http:\/\/www.waegeli.ch\/kontakt\/\">\n\t\t\t\t\t\t<span class=\"elementor-button-content-wrapper\">\n\t\t\t\t\t\t\t\t\t<span class=\"elementor-button-text\">Kontakt<\/span>\n\t\t\t\t\t<\/span>\n\t\t\t\t\t<\/a>\n\t\t\t\t<\/div>\n\t\t\t\t\t\t\t\t<\/div>\n\t\t\t\t<\/div>\n\t\t\t\t\t<\/div>\n\t\t<\/div>\n\t\t\t\t\t<\/div>\n\t\t<\/section>\n\t\t\t\t\t<\/div>\n\t\t<\/div>\n\t\t\t\t\t<\/div>\n\t\t<\/section>\n\t\t\t\t\t<\/div>\n\t\t<\/div>\n\t\t\t\t\t<\/div>\n\t\t<\/section>\n\t\t\t\t<section class=\"elementor-section elementor-top-section elementor-element elementor-element-ffe6e0b elementor-section-boxed elementor-section-height-default elementor-section-height-default\" data-id=\"ffe6e0b\" data-element_type=\"section\" data-e-type=\"section\">\n\t\t\t\t\t\t<div class=\"elementor-container elementor-column-gap-default\">\n\t\t\t\t\t<div class=\"elementor-column elementor-col-100 elementor-top-column elementor-element elementor-element-a39f863\" data-id=\"a39f863\" data-element_type=\"column\" data-e-type=\"column\">\n\t\t\t<div class=\"elementor-widget-wrap elementor-element-populated\">\n\t\t\t\t\t\t<div class=\"elementor-element elementor-element-ee3b150 elementor-widget-divider--view-line elementor-widget elementor-widget-divider\" data-id=\"ee3b150\" data-element_type=\"widget\" data-e-type=\"widget\" data-widget_type=\"divider.default\">\n\t\t\t\t<div class=\"elementor-widget-container\">\n\t\t\t\t\t\t\t<div class=\"elementor-divider\">\n\t\t\t<span class=\"elementor-divider-separator\">\n\t\t\t\t\t\t<\/span>\n\t\t<\/div>\n\t\t\t\t\t\t<\/div>\n\t\t\t\t<\/div>\n\t\t\t\t<div class=\"elementor-element elementor-element-c1efd43 owa-news-card elementor-grid-4 elementor-grid-tablet-2 elementor-grid-mobile-1 elementor-posts--thumbnail-top load-more-align-center elementor-widget elementor-widget-posts\" data-id=\"c1efd43\" data-element_type=\"widget\" data-e-type=\"widget\" data-settings=\"{&quot;pagination_type&quot;:&quot;load_more_on_click&quot;,&quot;classic_columns&quot;:&quot;4&quot;,&quot;classic_row_gap&quot;:{&quot;unit&quot;:&quot;px&quot;,&quot;size&quot;:15,&quot;sizes&quot;:[]},&quot;classic_columns_tablet&quot;:&quot;2&quot;,&quot;classic_columns_mobile&quot;:&quot;1&quot;,&quot;classic_row_gap_tablet&quot;:{&quot;unit&quot;:&quot;px&quot;,&quot;size&quot;:&quot;&quot;,&quot;sizes&quot;:[]},&quot;classic_row_gap_mobile&quot;:{&quot;unit&quot;:&quot;px&quot;,&quot;size&quot;:&quot;&quot;,&quot;sizes&quot;:[]},&quot;load_more_spinner&quot;:{&quot;value&quot;:&quot;fas fa-spinner&quot;,&quot;library&quot;:&quot;fa-solid&quot;}}\" data-widget_type=\"posts.classic\">\n\t\t\t\t<div class=\"elementor-widget-container\">\n\t\t\t\t\t\t\t<div class=\"elementor-posts-container elementor-posts elementor-posts--skin-classic elementor-grid\" role=\"list\">\n\t\t\t\t<article class=\"elementor-post elementor-grid-item post-7862 post type-post status-publish format-standard has-post-thumbnail hentry\" role=\"listitem\">\n\t\t\t\t<a class=\"elementor-post__thumbnail__link\" href=\"https:\/\/www.waegeli.ch\/de\/weihnachtsferien-vom-23-12-2023-07-01-2024\/\" tabindex=\"-1\" >\n\t\t\t<div class=\"elementor-post__thumbnail\"><img decoding=\"async\" src=\"https:\/\/www.waegeli.ch\/wp-content\/uploads\/2022\/12\/Weihnachten05.jpg\" title=\"Weihnachten05\" alt=\"Weihnachten05\" loading=\"lazy\" \/><\/div>\n\t\t<\/a>\n\t\t\t\t<div class=\"elementor-post__text\">\n\t\t\t\t<h3 class=\"elementor-post__title\">\n\t\t\t<a href=\"https:\/\/www.waegeli.ch\/de\/weihnachtsferien-vom-23-12-2023-07-01-2024\/\" >\n\t\t\t\tWeihnachtsferien vom 20.12.2025 \u2013 04.01.2026\t\t\t<\/a>\n\t\t<\/h3>\n\t\t\t\t<div class=\"elementor-post__meta-data\">\n\t\t\t\t\t<span class=\"elementor-post-date\">\n\t\t\t19. Dezember 2025\t\t<\/span>\n\t\t\t\t<\/div>\n\t\t\t\t<div class=\"elementor-post__excerpt\">\n\t\t\t<p>Ab Montag, 5. Januar 2026 sind wir wieder mit voller Energie f\u00fcr Sie da.Das ganze Otto W\u00e4geli AG Team w\u00fcnscht Ihnen sch\u00f6ne und erholsame Feiertage.<\/p>\n\t\t<\/div>\n\t\t\n\t\t<a class=\"elementor-post__read-more\" href=\"https:\/\/www.waegeli.ch\/de\/weihnachtsferien-vom-23-12-2023-07-01-2024\/\" aria-label=\"Read more about Weihnachtsferien vom 20.12.2025 \u2013 04.01.2026\" tabindex=\"-1\" >\n\t\t\t\t\t<\/a>\n\n\t\t\t\t<\/div>\n\t\t\t\t<\/article>\n\t\t\t\t<article class=\"elementor-post elementor-grid-item post-8105 post type-post status-publish format-standard has-post-thumbnail hentry\" role=\"listitem\">\n\t\t\t\t<a class=\"elementor-post__thumbnail__link\" href=\"https:\/\/www.waegeli.ch\/de\/herzlichen-glueckwunsch-6\/\" tabindex=\"-1\" >\n\t\t\t<div class=\"elementor-post__thumbnail\"><img decoding=\"async\" src=\"https:\/\/www.waegeli.ch\/wp-content\/uploads\/2025\/12\/fef1bdf2-fa90-4149-8462-32a2a5df329f-scaled.jpg\" title=\"fef1bdf2-fa90-4149-8462-32a2a5df329f\" alt=\"fef1bdf2-fa90-4149-8462-32a2a5df329f\" loading=\"lazy\" \/><\/div>\n\t\t<\/a>\n\t\t\t\t<div class=\"elementor-post__text\">\n\t\t\t\t<h3 class=\"elementor-post__title\">\n\t\t\t<a href=\"https:\/\/www.waegeli.ch\/de\/herzlichen-glueckwunsch-6\/\" >\n\t\t\t\tHerzlichen Gl\u00fcckwunsch!\t\t\t<\/a>\n\t\t<\/h3>\n\t\t\t\t<div class=\"elementor-post__meta-data\">\n\t\t\t\t\t<span class=\"elementor-post-date\">\n\t\t\t4. Dezember 2025\t\t<\/span>\n\t\t\t\t<\/div>\n\t\t\t\t<div class=\"elementor-post__excerpt\">\n\t\t\t<p>Am 28. November 2025 durften Valentin Gasser und Timo Schadegg ihre Diplome entgegen nehmen, herzlichen Gl\u00fcckwunsch!<\/p>\n<p>Mit Bravour haben sie ihre Weiterbildungen erfolgreich abgeschlossen!<\/p>\n<p>Valentin Gasser<br \/>\nEidg. diplomierter Schreinermeister<br \/>\nBBW Winterthur<\/p>\n<p>Timo Schadegg<br \/>\nProjektleiter Schreinerei FA<br \/>\nBBW Winterthur<\/p>\n<p>Mit ihrem Einsatz, Fachwissen und ihrer Leidenschaft f\u00fcrs Handwerk sind beide eine grosse Bereicherung f\u00fcr unser Team.<\/p>\n<p>Herzliche Gratulation zu diesen tollen Leistungen &#8211; wir freuen uns auf alles, was kommt!<\/p>\n\t\t<\/div>\n\t\t\n\t\t<a class=\"elementor-post__read-more\" href=\"https:\/\/www.waegeli.ch\/de\/herzlichen-glueckwunsch-6\/\" aria-label=\"Read more about Herzlichen Gl\u00fcckwunsch!\" tabindex=\"-1\" >\n\t\t\t\t\t<\/a>\n\n\t\t\t\t<\/div>\n\t\t\t\t<\/article>\n\t\t\t\t<article class=\"elementor-post elementor-grid-item post-8085 post type-post status-publish format-standard has-post-thumbnail hentry\" role=\"listitem\">\n\t\t\t\t<a class=\"elementor-post__thumbnail__link\" href=\"https:\/\/www.waegeli.ch\/de\/moebel-windschief-an-der-wega-2\/\" tabindex=\"-1\" >\n\t\t\t<div class=\"elementor-post__thumbnail\"><img decoding=\"async\" src=\"https:\/\/www.waegeli.ch\/wp-content\/uploads\/2025\/09\/WEGA-Moebel_Jan-Bivi_2025-scaled.jpg\" title=\"WEGA M\u00f6bel_Jan Bivi_2025\" alt=\"WEGA M\u00f6bel_Jan Bivi_2025\" loading=\"lazy\" \/><\/div>\n\t\t<\/a>\n\t\t\t\t<div class=\"elementor-post__text\">\n\t\t\t\t<h3 class=\"elementor-post__title\">\n\t\t\t<a href=\"https:\/\/www.waegeli.ch\/de\/moebel-windschief-an-der-wega-2\/\" >\n\t\t\t\tM\u00f6bel \u00abLivor-Couchtisch\u00bb an der WEGA\t\t\t<\/a>\n\t\t<\/h3>\n\t\t\t\t<div class=\"elementor-post__meta-data\">\n\t\t\t\t\t<span class=\"elementor-post-date\">\n\t\t\t24. September 2025\t\t<\/span>\n\t\t\t\t<\/div>\n\t\t\t\t<div class=\"elementor-post__excerpt\">\n\t\t\t<p>Im Rahmen des Wettbewerbs \u00abSCHREINER CHANCE 25\u00bb erhalten Lernende im 4. Lehrjahr die M\u00f6glichkeit, ihr handwerkliches K\u00f6nnen einem breiten Publikum zu pr\u00e4sentieren \u2013 mit einer Ausstellung ihres selbst gestalteten M\u00f6belst\u00fccks an der WEGA. Das diesj\u00e4hrige Thema lautet \u00ableicht verstellbar\u00bb.<\/p>\n\t\t<\/div>\n\t\t\n\t\t<a class=\"elementor-post__read-more\" href=\"https:\/\/www.waegeli.ch\/de\/moebel-windschief-an-der-wega-2\/\" aria-label=\"Read more about M\u00f6bel \u00abLivor-Couchtisch\u00bb an der WEGA\" tabindex=\"-1\" >\n\t\t\t\t\t<\/a>\n\n\t\t\t\t<\/div>\n\t\t\t\t<\/article>\n\t\t\t\t<article class=\"elementor-post elementor-grid-item post-8066 post type-post status-publish format-standard has-post-thumbnail hentry\" role=\"listitem\">\n\t\t\t\t<a class=\"elementor-post__thumbnail__link\" href=\"https:\/\/www.waegeli.ch\/de\/wir-sagen-tschuess-6\/\" tabindex=\"-1\" >\n\t\t\t<div class=\"elementor-post__thumbnail\"><img decoding=\"async\" src=\"https:\/\/www.waegeli.ch\/wp-content\/uploads\/2025\/02\/Anja-Von-Wartburg-2.jpg\" title=\"Anja Von Wartburg\" alt=\"Anja Von Wartburg\" loading=\"lazy\" \/><\/div>\n\t\t<\/a>\n\t\t\t\t<div class=\"elementor-post__text\">\n\t\t\t\t<h3 class=\"elementor-post__title\">\n\t\t\t<a href=\"https:\/\/www.waegeli.ch\/de\/wir-sagen-tschuess-6\/\" >\n\t\t\t\tWir sagen &#8222;tsch\u00fcss&#8220;\t\t\t<\/a>\n\t\t<\/h3>\n\t\t\t\t<div class=\"elementor-post__meta-data\">\n\t\t\t\t\t<span class=\"elementor-post-date\">\n\t\t\t31. August 2025\t\t<\/span>\n\t\t\t\t<\/div>\n\t\t\t\t<div class=\"elementor-post__excerpt\">\n\t\t\t<p>Anja, vielen Dank und alles Gute! Anja von Wartburg hat bei uns von Januar 2024 bis August 2025 in der Produktion gearbeitet. Ihre Arbeit wurde<\/p>\n\t\t<\/div>\n\t\t\n\t\t<a class=\"elementor-post__read-more\" href=\"https:\/\/www.waegeli.ch\/de\/wir-sagen-tschuess-6\/\" aria-label=\"Read more about Wir sagen &#8222;tsch\u00fcss&#8220;\" tabindex=\"-1\" >\n\t\t\t\t\t<\/a>\n\n\t\t\t\t<\/div>\n\t\t\t\t<\/article>\n\t\t\t\t<article class=\"elementor-post elementor-grid-item post-8056 post type-post status-publish format-standard has-post-thumbnail hentry\" role=\"listitem\">\n\t\t\t\t<a class=\"elementor-post__thumbnail__link\" href=\"https:\/\/www.waegeli.ch\/de\/betriebsausflug-2\/\" tabindex=\"-1\" >\n\t\t\t<div class=\"elementor-post__thumbnail\"><img decoding=\"async\" src=\"https:\/\/www.waegeli.ch\/wp-content\/uploads\/2025\/08\/IMG_7497-scaled.jpeg\" title=\"IMG_7497\" alt=\"IMG_7497\" loading=\"lazy\" \/><\/div>\n\t\t<\/a>\n\t\t\t\t<div class=\"elementor-post__text\">\n\t\t\t\t<h3 class=\"elementor-post__title\">\n\t\t\t<a href=\"https:\/\/www.waegeli.ch\/de\/betriebsausflug-2\/\" >\n\t\t\t\tBetriebsausflug\t\t\t<\/a>\n\t\t<\/h3>\n\t\t\t\t<div class=\"elementor-post__meta-data\">\n\t\t\t\t\t<span class=\"elementor-post-date\">\n\t\t\t14. August 2025\t\t<\/span>\n\t\t\t\t<\/div>\n\t\t\t\t<div class=\"elementor-post__excerpt\">\n\t\t\t<p>Als Dank f\u00fcr ihren grossen Arbeitseinsatz und f\u00fcr ihr Engagement l\u00e4dt die Otto W\u00e4geli AG ihre Mitarbeitenden zum gemeinsamen Betriebsausflug ein.<\/p>\n\t\t<\/div>\n\t\t\n\t\t<a class=\"elementor-post__read-more\" href=\"https:\/\/www.waegeli.ch\/de\/betriebsausflug-2\/\" aria-label=\"Read more about Betriebsausflug\" tabindex=\"-1\" >\n\t\t\t\t\t<\/a>\n\n\t\t\t\t<\/div>\n\t\t\t\t<\/article>\n\t\t\t\t<article class=\"elementor-post elementor-grid-item post-8053 post type-post status-publish format-standard has-post-thumbnail hentry\" role=\"listitem\">\n\t\t\t\t<a class=\"elementor-post__thumbnail__link\" href=\"https:\/\/www.waegeli.ch\/de\/wir-sagen-tschuess-5\/\" tabindex=\"-1\" >\n\t\t\t<div class=\"elementor-post__thumbnail\"><img decoding=\"async\" src=\"https:\/\/www.waegeli.ch\/wp-content\/uploads\/2025\/02\/Ramon-Golinski-2.jpg\" title=\"Ramon Golinski\" alt=\"Ramon Golinski\" loading=\"lazy\" \/><\/div>\n\t\t<\/a>\n\t\t\t\t<div class=\"elementor-post__text\">\n\t\t\t\t<h3 class=\"elementor-post__title\">\n\t\t\t<a href=\"https:\/\/www.waegeli.ch\/de\/wir-sagen-tschuess-5\/\" >\n\t\t\t\tWir sagen &#8222;tsch\u00fcss&#8220;\t\t\t<\/a>\n\t\t<\/h3>\n\t\t\t\t<div class=\"elementor-post__meta-data\">\n\t\t\t\t\t<span class=\"elementor-post-date\">\n\t\t\t31. Juli 2025\t\t<\/span>\n\t\t\t\t<\/div>\n\t\t\t\t<div class=\"elementor-post__excerpt\">\n\t\t\t<p>Ramon, vielen Dank und alles Gute! Ramon Golinski hat bei uns vom 2023 bis 2025 die Arbeitsvorbereitung gemacht. Seine Arbeit wurde von unserer Kundschaft und<\/p>\n\t\t<\/div>\n\t\t\n\t\t<a class=\"elementor-post__read-more\" href=\"https:\/\/www.waegeli.ch\/de\/wir-sagen-tschuess-5\/\" aria-label=\"Read more about Wir sagen &#8222;tsch\u00fcss&#8220;\" tabindex=\"-1\" >\n\t\t\t\t\t<\/a>\n\n\t\t\t\t<\/div>\n\t\t\t\t<\/article>\n\t\t\t\t<article class=\"elementor-post elementor-grid-item post-7834 post type-post status-publish format-standard has-post-thumbnail hentry\" role=\"listitem\">\n\t\t\t\t<a class=\"elementor-post__thumbnail__link\" href=\"https:\/\/www.waegeli.ch\/de\/samstag-9-11-2024-weihnachtswerken-fuer-gross-und-klein\/\" tabindex=\"-1\" >\n\t\t\t<div class=\"elementor-post__thumbnail\"><img decoding=\"async\" src=\"https:\/\/www.waegeli.ch\/wp-content\/uploads\/2024\/10\/Baum-scaled.jpg\" title=\"Baum\" alt=\"Baum\" loading=\"lazy\" \/><\/div>\n\t\t<\/a>\n\t\t\t\t<div class=\"elementor-post__text\">\n\t\t\t\t<h3 class=\"elementor-post__title\">\n\t\t\t<a href=\"https:\/\/www.waegeli.ch\/de\/samstag-9-11-2024-weihnachtswerken-fuer-gross-und-klein\/\" >\n\t\t\t\tSamstag, 9.11.2024 Weihnachtswerken f\u00fcr Gross und Klein\t\t\t<\/a>\n\t\t<\/h3>\n\t\t\t\t<div class=\"elementor-post__meta-data\">\n\t\t\t\t\t<span class=\"elementor-post-date\">\n\t\t\t31. Oktober 2024\t\t<\/span>\n\t\t\t\t<\/div>\n\t\t\t\t<div class=\"elementor-post__excerpt\">\n\t\t\t<p>Kerzenziehen &#8211; Ausstellung &#8211; Festwirtschaft Einladung f\u00fcr unsere Kundschaft, Freunde, Bekannte und Verwandte Werken f\u00fcr Gross und Klein 9.00 bis 16.00 Uhr Auf Sie wartet<\/p>\n\t\t<\/div>\n\t\t\n\t\t<a class=\"elementor-post__read-more\" href=\"https:\/\/www.waegeli.ch\/de\/samstag-9-11-2024-weihnachtswerken-fuer-gross-und-klein\/\" aria-label=\"Read more about Samstag, 9.11.2024 Weihnachtswerken f\u00fcr Gross und Klein\" tabindex=\"-1\" >\n\t\t\t\t\t<\/a>\n\n\t\t\t\t<\/div>\n\t\t\t\t<\/article>\n\t\t\t\t<article class=\"elementor-post elementor-grid-item post-7792 post type-post status-publish format-standard has-post-thumbnail hentry\" role=\"listitem\">\n\t\t\t\t<a class=\"elementor-post__thumbnail__link\" href=\"https:\/\/www.waegeli.ch\/de\/herzlichen-glueckwunsch-5\/\" tabindex=\"-1\" >\n\t\t\t<div class=\"elementor-post__thumbnail\"><img decoding=\"async\" src=\"https:\/\/www.waegeli.ch\/wp-content\/uploads\/2020\/07\/vacations-4336594_1280-500x360.jpg\" title=\"vacations-4336594_1280\" alt=\"vacations-4336594_1280\" loading=\"lazy\" \/><\/div>\n\t\t<\/a>\n\t\t\t\t<div class=\"elementor-post__text\">\n\t\t\t\t<h3 class=\"elementor-post__title\">\n\t\t\t<a href=\"https:\/\/www.waegeli.ch\/de\/herzlichen-glueckwunsch-5\/\" >\n\t\t\t\tBetriebsferien vom 22. Juli bis 4. August 2024\t\t\t<\/a>\n\t\t<\/h3>\n\t\t\t\t<div class=\"elementor-post__meta-data\">\n\t\t\t\t\t<span class=\"elementor-post-date\">\n\t\t\t18. Juli 2024\t\t<\/span>\n\t\t\t\t<\/div>\n\t\t\t\t<div class=\"elementor-post__excerpt\">\n\t\t\t<p>Betriebsferien vom 22. Juli bis 4. August 2024<\/p>\n\t\t<\/div>\n\t\t\n\t\t<a class=\"elementor-post__read-more\" href=\"https:\/\/www.waegeli.ch\/de\/herzlichen-glueckwunsch-5\/\" aria-label=\"Read more about Betriebsferien vom 22. Juli bis 4. August 2024\" tabindex=\"-1\" >\n\t\t\t\t\t<\/a>\n\n\t\t\t\t<\/div>\n\t\t\t\t<\/article>\n\t\t\t\t<article class=\"elementor-post elementor-grid-item post-7767 post type-post status-publish format-standard has-post-thumbnail hentry\" role=\"listitem\">\n\t\t\t\t<a class=\"elementor-post__thumbnail__link\" href=\"https:\/\/www.waegeli.ch\/de\/herzlichen-glueckwunsch-4\/\" tabindex=\"-1\" >\n\t\t\t<div class=\"elementor-post__thumbnail\"><img decoding=\"async\" src=\"https:\/\/www.waegeli.ch\/wp-content\/uploads\/2024\/07\/Michelle.Bussinger.OttoWaegeliAG.02-1.jpg\" title=\"Michelle.Bussinger.OttoW\u00e4geliAG.02\" alt=\"Michelle.Bussinger.OttoW\u00e4geliAG.02\" loading=\"lazy\" \/><\/div>\n\t\t<\/a>\n\t\t\t\t<div class=\"elementor-post__text\">\n\t\t\t\t<h3 class=\"elementor-post__title\">\n\t\t\t<a href=\"https:\/\/www.waegeli.ch\/de\/herzlichen-glueckwunsch-4\/\" >\n\t\t\t\tHerzlichen Gl\u00fcckwunsch\t\t\t<\/a>\n\t\t<\/h3>\n\t\t\t\t<div class=\"elementor-post__meta-data\">\n\t\t\t\t\t<span class=\"elementor-post-date\">\n\t\t\t2. Juli 2024\t\t<\/span>\n\t\t\t\t<\/div>\n\t\t\t\t<div class=\"elementor-post__excerpt\">\n\t\t\t<p>Wir gratulieren Michelle Bussinger ganz herzlich zum erfolgreichen Lehrabschluss als Schreinerin EFZ<br \/>\nmit Diplom.<\/p>\n<p>F\u00fcr den weiteren Lebensweg w\u00fcnschen wir dir alles Gute und viel Erfolg!<\/p>\n\t\t<\/div>\n\t\t\n\t\t<a class=\"elementor-post__read-more\" href=\"https:\/\/www.waegeli.ch\/de\/herzlichen-glueckwunsch-4\/\" aria-label=\"Read more about Herzlichen Gl\u00fcckwunsch\" tabindex=\"-1\" >\n\t\t\t\t\t<\/a>\n\n\t\t\t\t<\/div>\n\t\t\t\t<\/article>\n\t\t\t\t<article class=\"elementor-post elementor-grid-item post-7740 post type-post status-publish format-standard has-post-thumbnail hentry\" role=\"listitem\">\n\t\t\t\t<a class=\"elementor-post__thumbnail__link\" href=\"https:\/\/www.waegeli.ch\/de\/herzlichen-glueckwunsch-3\/\" tabindex=\"-1\" >\n\t\t\t<div class=\"elementor-post__thumbnail\"><img decoding=\"async\" src=\"https:\/\/www.waegeli.ch\/wp-content\/uploads\/2024\/07\/Jonas.Grob_.OttoWaegeliAG.01-scaled.jpg\" title=\"Jonas.Grob.OttoW\u00e4geliAG.01\" alt=\"Jonas.Grob.OttoW\u00e4geliAG.01\" loading=\"lazy\" \/><\/div>\n\t\t<\/a>\n\t\t\t\t<div class=\"elementor-post__text\">\n\t\t\t\t<h3 class=\"elementor-post__title\">\n\t\t\t<a href=\"https:\/\/www.waegeli.ch\/de\/herzlichen-glueckwunsch-3\/\" >\n\t\t\t\tHerzlichen Gl\u00fcckwunsch\t\t\t<\/a>\n\t\t<\/h3>\n\t\t\t\t<div class=\"elementor-post__meta-data\">\n\t\t\t\t\t<span class=\"elementor-post-date\">\n\t\t\t2. Juli 2024\t\t<\/span>\n\t\t\t\t<\/div>\n\t\t\t\t<div class=\"elementor-post__excerpt\">\n\t\t\t<p>Wir gratulieren Jonas Grob ganz herzlich zum<br \/>\nerfolgreichen Lehrabschluss als Schreiner EFZ. F\u00fcr<br \/>\nden weiteren Lebensweg w\u00fcnschen wir dir alles Gute<br \/>\nund viel Erfolg.<\/p>\n\t\t<\/div>\n\t\t\n\t\t<a class=\"elementor-post__read-more\" href=\"https:\/\/www.waegeli.ch\/de\/herzlichen-glueckwunsch-3\/\" aria-label=\"Read more about Herzlichen Gl\u00fcckwunsch\" tabindex=\"-1\" >\n\t\t\t\t\t<\/a>\n\n\t\t\t\t<\/div>\n\t\t\t\t<\/article>\n\t\t\t\t<article class=\"elementor-post elementor-grid-item post-7159 post type-post status-publish format-standard has-post-thumbnail hentry\" role=\"listitem\">\n\t\t\t\t<a class=\"elementor-post__thumbnail__link\" href=\"https:\/\/www.waegeli.ch\/de\/fruehjahrsputz-fuer-ihr-wohnzimmer-im-freien-3\/\" tabindex=\"-1\" >\n\t\t\t<div class=\"elementor-post__thumbnail\"><img decoding=\"async\" src=\"https:\/\/www.waegeli.ch\/wp-content\/uploads\/2023\/03\/Terrasse.jpg\" title=\"Terrasse\" alt=\"Terrasse\" loading=\"lazy\" \/><\/div>\n\t\t<\/a>\n\t\t\t\t<div class=\"elementor-post__text\">\n\t\t\t\t<h3 class=\"elementor-post__title\">\n\t\t\t<a href=\"https:\/\/www.waegeli.ch\/de\/fruehjahrsputz-fuer-ihr-wohnzimmer-im-freien-3\/\" >\n\t\t\t\tHolzterrassen schonend reinigen\t\t\t<\/a>\n\t\t<\/h3>\n\t\t\t\t<div class=\"elementor-post__meta-data\">\n\t\t\t\t\t<span class=\"elementor-post-date\">\n\t\t\t10. Juni 2024\t\t<\/span>\n\t\t\t\t<\/div>\n\t\t\t\t<div class=\"elementor-post__excerpt\">\n\t\t\t<p>Holzterrassen Einfach, schnell und schonend! Wir reinigen und pflegen Ihr \u201eWohnzimmer im Freien\u201c, damit Sie den Fr\u00fchling unbeschert geniessen k\u00f6nnen. Ihre Terrasse wird von Moos<\/p>\n\t\t<\/div>\n\t\t\n\t\t<a class=\"elementor-post__read-more\" href=\"https:\/\/www.waegeli.ch\/de\/fruehjahrsputz-fuer-ihr-wohnzimmer-im-freien-3\/\" aria-label=\"Read more about Holzterrassen schonend reinigen\" tabindex=\"-1\" >\n\t\t\t\t\t<\/a>\n\n\t\t\t\t<\/div>\n\t\t\t\t<\/article>\n\t\t\t\t<article class=\"elementor-post elementor-grid-item post-7485 post type-post status-publish format-standard has-post-thumbnail hentry\" role=\"listitem\">\n\t\t\t\t<a class=\"elementor-post__thumbnail__link\" href=\"https:\/\/www.waegeli.ch\/de\/moebel-windschief-an-der-wega\/\" tabindex=\"-1\" >\n\t\t\t<div class=\"elementor-post__thumbnail\"><img decoding=\"async\" src=\"https:\/\/www.waegeli.ch\/wp-content\/uploads\/2023\/10\/17_DSC_0538-scaled.jpeg\" title=\"Schreiner Chance 23, BBZ Weinfelden 11.9.23\" alt=\"Schreiner Chance 23, BBZ Weinfelden 11.9.23\" loading=\"lazy\" \/><\/div>\n\t\t<\/a>\n\t\t\t\t<div class=\"elementor-post__text\">\n\t\t\t\t<h3 class=\"elementor-post__title\">\n\t\t\t<a href=\"https:\/\/www.waegeli.ch\/de\/moebel-windschief-an-der-wega\/\" >\n\t\t\t\tM\u00f6bel \u00abWindschief\u00bb an der WEGA\t\t\t<\/a>\n\t\t<\/h3>\n\t\t\t\t<div class=\"elementor-post__meta-data\">\n\t\t\t\t\t<span class=\"elementor-post-date\">\n\t\t\t4. Oktober 2023\t\t<\/span>\n\t\t\t\t<\/div>\n\t\t\t\t<div class=\"elementor-post__excerpt\">\n\t\t\t<p>Mit dem Wettbewerb Schreiner Chance 23 k\u00f6nnen sich Lernende im 4. Lehrjahr einem grossen Publikum pr\u00e4sentieren und an der WEGA ihr M\u00f6belst\u00fcck ausstellen.<\/p>\n\t\t<\/div>\n\t\t\n\t\t<a class=\"elementor-post__read-more\" href=\"https:\/\/www.waegeli.ch\/de\/moebel-windschief-an-der-wega\/\" aria-label=\"Read more about M\u00f6bel \u00abWindschief\u00bb an der WEGA\" tabindex=\"-1\" >\n\t\t\t\t\t<\/a>\n\n\t\t\t\t<\/div>\n\t\t\t\t<\/article>\n\t\t\t\t<\/div>\n\t\t\t\t\t<span class=\"e-load-more-spinner\">\n\t\t\t\t<i aria-hidden=\"true\" class=\"fas fa-spinner\"><\/i>\t\t\t<\/span>\n\t\t\n\t\t\t\t<div class=\"e-load-more-anchor\" data-page=\"1\" data-max-page=\"5\" data-next-page=\"https:\/\/www.waegeli.ch\/de\/wp-json\/wp\/v2\/pages\/35\/page\/2\/\"><\/div>\n\t\t\t\t<div class=\"elementor-button-wrapper\">\n\t\t\t<a class=\"elementor-button elementor-size-sm\" role=\"button\">\n\t\t\t\t\t\t<span class=\"elementor-button-content-wrapper\">\n\t\t\t\t\t\t\t\t\t<span class=\"elementor-button-text\">Mehr anzeigen<\/span>\n\t\t\t\t\t<\/span>\n\t\t\t\t\t<\/a>\n\t\t<\/div>\n\t\t\t\t<div class=\"e-load-more-message\"><\/div>\n\t\t\t\t\t\t<\/div>\n\t\t\t\t<\/div>\n\t\t\t\t\t<\/div>\n\t\t<\/div>\n\t\t\t\t\t<\/div>\n\t\t<\/section>\n\t\t\t\t<\/div>\n\t\t","protected":false},"excerpt":{"rendered":"<p>News Kontakt Kontakt<\/p>\n","protected":false},"author":2,"featured_media":337,"parent":0,"menu_order":0,"comment_status":"closed","ping_status":"closed","template":"","meta":{"_acf_changed":false,"footnotes":""},"class_list":["post-35","page","type-page","status-publish","has-post-thumbnail","hentry"],"acf":[],"yoast_head":"<!-- This site is optimized with the Yoast SEO plugin v26.9 - https:\/\/yoast.com\/product\/yoast-seo-wordpress\/ -->\n<title>News - Schreinerei Otto W\u00e4geli AG<\/title>\n<meta name=\"description\" content=\"Neuigkeiten von der Schreinerei Otto W\u00e4geli AG.\" \/>\n<meta name=\"robots\" content=\"index, follow, max-snippet:-1, max-image-preview:large, max-video-preview:-1\" \/>\n<link rel=\"canonical\" href=\"https:\/\/www.waegeli.ch\/de\/news\/\" \/>\n<meta property=\"og:locale\" content=\"de_DE\" \/>\n<meta property=\"og:type\" content=\"article\" \/>\n<meta property=\"og:title\" content=\"News - Schreinerei Otto W\u00e4geli AG\" \/>\n<meta property=\"og:description\" content=\"Neuigkeiten von der Schreinerei Otto W\u00e4geli AG.\" \/>\n<meta property=\"og:url\" content=\"https:\/\/www.waegeli.ch\/de\/news\/\" \/>\n<meta property=\"og:site_name\" content=\"Schreinerei Otto W\u00e4geli AG\" \/>\n<meta property=\"article:modified_time\" content=\"2025-02-06T10:03:05+00:00\" \/>\n<meta property=\"og:image\" content=\"https:\/\/www.waegeli.ch\/wp-content\/uploads\/2022\/10\/SandroHomeSmall_0005.jpg\" \/>\n\t<meta property=\"og:image:width\" content=\"1240\" \/>\n\t<meta property=\"og:image:height\" content=\"827\" \/>\n\t<meta property=\"og:image:type\" content=\"image\/jpeg\" \/>\n<meta name=\"twitter:card\" content=\"summary_large_image\" \/>\n<meta name=\"twitter:label1\" content=\"Gesch\u00e4tzte Lesezeit\" \/>\n\t<meta name=\"twitter:data1\" content=\"6\u00a0Minuten\" \/>\n<script type=\"application\/ld+json\" class=\"yoast-schema-graph\">{\"@context\":\"https:\/\/schema.org\",\"@graph\":[{\"@type\":\"WebPage\",\"@id\":\"https:\/\/www.waegeli.ch\/de\/news\/\",\"url\":\"https:\/\/www.waegeli.ch\/de\/news\/\",\"name\":\"News - Schreinerei Otto W\u00e4geli AG\",\"isPartOf\":{\"@id\":\"https:\/\/www.waegeli.ch\/de\/#website\"},\"primaryImageOfPage\":{\"@id\":\"https:\/\/www.waegeli.ch\/de\/news\/#primaryimage\"},\"image\":{\"@id\":\"https:\/\/www.waegeli.ch\/de\/news\/#primaryimage\"},\"thumbnailUrl\":\"https:\/\/www.waegeli.ch\/wp-content\/uploads\/2022\/10\/SandroHomeSmall_0005.jpg\",\"datePublished\":\"2022-10-26T07:42:44+00:00\",\"dateModified\":\"2025-02-06T10:03:05+00:00\",\"description\":\"Neuigkeiten von der Schreinerei Otto W\u00e4geli AG.\",\"breadcrumb\":{\"@id\":\"https:\/\/www.waegeli.ch\/de\/news\/#breadcrumb\"},\"inLanguage\":\"de\",\"potentialAction\":[{\"@type\":\"ReadAction\",\"target\":[\"https:\/\/www.waegeli.ch\/de\/news\/\"]}]},{\"@type\":\"ImageObject\",\"inLanguage\":\"de\",\"@id\":\"https:\/\/www.waegeli.ch\/de\/news\/#primaryimage\",\"url\":\"https:\/\/www.waegeli.ch\/wp-content\/uploads\/2022\/10\/SandroHomeSmall_0005.jpg\",\"contentUrl\":\"https:\/\/www.waegeli.ch\/wp-content\/uploads\/2022\/10\/SandroHomeSmall_0005.jpg\",\"width\":1240,\"height\":827,\"caption\":\"Holzboden Modern\"},{\"@type\":\"BreadcrumbList\",\"@id\":\"https:\/\/www.waegeli.ch\/de\/news\/#breadcrumb\",\"itemListElement\":[{\"@type\":\"ListItem\",\"position\":1,\"name\":\"Startseite\",\"item\":\"https:\/\/www.waegeli.ch\/de\/\"},{\"@type\":\"ListItem\",\"position\":2,\"name\":\"News\",\"item\":\"\/de\/news\/\"},{\"@type\":\"ListItem\",\"position\":3,\"name\":\"News\"}]},{\"@type\":\"WebSite\",\"@id\":\"https:\/\/www.waegeli.ch\/de\/#website\",\"url\":\"https:\/\/www.waegeli.ch\/de\/\",\"name\":\"Schreinerei Otto W\u00e4geli AG\",\"description\":\"Holz ist das ganze Leben\",\"publisher\":{\"@id\":\"https:\/\/www.waegeli.ch\/de\/#organization\"},\"potentialAction\":[{\"@type\":\"SearchAction\",\"target\":{\"@type\":\"EntryPoint\",\"urlTemplate\":\"https:\/\/www.waegeli.ch\/de\/?s={search_term_string}\"},\"query-input\":{\"@type\":\"PropertyValueSpecification\",\"valueRequired\":true,\"valueName\":\"search_term_string\"}}],\"inLanguage\":\"de\"},{\"@type\":\"Organization\",\"@id\":\"https:\/\/www.waegeli.ch\/de\/#organization\",\"name\":\"Schreinerei Otto W\u00e4geli AG\",\"url\":\"https:\/\/www.waegeli.ch\/de\/\",\"logo\":{\"@type\":\"ImageObject\",\"inLanguage\":\"de\",\"@id\":\"https:\/\/www.waegeli.ch\/de\/#\/schema\/logo\/image\/\",\"url\":\"https:\/\/www.waegeli.ch\/wp-content\/uploads\/2022\/10\/OttoWaegeli.png\",\"contentUrl\":\"https:\/\/www.waegeli.ch\/wp-content\/uploads\/2022\/10\/OttoWaegeli.png\",\"width\":233,\"height\":70,\"caption\":\"Schreinerei Otto W\u00e4geli AG\"},\"image\":{\"@id\":\"https:\/\/www.waegeli.ch\/de\/#\/schema\/logo\/image\/\"}}]}<\/script>\n<!-- \/ Yoast SEO plugin. -->","yoast_head_json":{"title":"News - Schreinerei Otto W\u00e4geli AG","description":"Neuigkeiten von der Schreinerei Otto W\u00e4geli AG.","robots":{"index":"index","follow":"follow","max-snippet":"max-snippet:-1","max-image-preview":"max-image-preview:large","max-video-preview":"max-video-preview:-1"},"canonical":"https:\/\/www.waegeli.ch\/de\/news\/","og_locale":"de_DE","og_type":"article","og_title":"News - Schreinerei Otto W\u00e4geli AG","og_description":"Neuigkeiten von der Schreinerei Otto W\u00e4geli AG.","og_url":"https:\/\/www.waegeli.ch\/de\/news\/","og_site_name":"Schreinerei Otto W\u00e4geli AG","article_modified_time":"2025-02-06T10:03:05+00:00","og_image":[{"width":1240,"height":827,"url":"https:\/\/www.waegeli.ch\/wp-content\/uploads\/2022\/10\/SandroHomeSmall_0005.jpg","type":"image\/jpeg"}],"twitter_card":"summary_large_image","twitter_misc":{"Gesch\u00e4tzte Lesezeit":"6\u00a0Minuten"},"schema":{"@context":"https:\/\/schema.org","@graph":[{"@type":"WebPage","@id":"https:\/\/www.waegeli.ch\/de\/news\/","url":"https:\/\/www.waegeli.ch\/de\/news\/","name":"News - Schreinerei Otto W\u00e4geli AG","isPartOf":{"@id":"https:\/\/www.waegeli.ch\/de\/#website"},"primaryImageOfPage":{"@id":"https:\/\/www.waegeli.ch\/de\/news\/#primaryimage"},"image":{"@id":"https:\/\/www.waegeli.ch\/de\/news\/#primaryimage"},"thumbnailUrl":"https:\/\/www.waegeli.ch\/wp-content\/uploads\/2022\/10\/SandroHomeSmall_0005.jpg","datePublished":"2022-10-26T07:42:44+00:00","dateModified":"2025-02-06T10:03:05+00:00","description":"Neuigkeiten von der Schreinerei Otto W\u00e4geli AG.","breadcrumb":{"@id":"https:\/\/www.waegeli.ch\/de\/news\/#breadcrumb"},"inLanguage":"de","potentialAction":[{"@type":"ReadAction","target":["https:\/\/www.waegeli.ch\/de\/news\/"]}]},{"@type":"ImageObject","inLanguage":"de","@id":"https:\/\/www.waegeli.ch\/de\/news\/#primaryimage","url":"https:\/\/www.waegeli.ch\/wp-content\/uploads\/2022\/10\/SandroHomeSmall_0005.jpg","contentUrl":"https:\/\/www.waegeli.ch\/wp-content\/uploads\/2022\/10\/SandroHomeSmall_0005.jpg","width":1240,"height":827,"caption":"Holzboden Modern"},{"@type":"BreadcrumbList","@id":"https:\/\/www.waegeli.ch\/de\/news\/#breadcrumb","itemListElement":[{"@type":"ListItem","position":1,"name":"Startseite","item":"https:\/\/www.waegeli.ch\/de\/"},{"@type":"ListItem","position":2,"name":"News","item":"\/de\/news\/"},{"@type":"ListItem","position":3,"name":"News"}]},{"@type":"WebSite","@id":"https:\/\/www.waegeli.ch\/de\/#website","url":"https:\/\/www.waegeli.ch\/de\/","name":"Schreinerei Otto W\u00e4geli AG","description":"Holz ist das ganze Leben","publisher":{"@id":"https:\/\/www.waegeli.ch\/de\/#organization"},"potentialAction":[{"@type":"SearchAction","target":{"@type":"EntryPoint","urlTemplate":"https:\/\/www.waegeli.ch\/de\/?s={search_term_string}"},"query-input":{"@type":"PropertyValueSpecification","valueRequired":true,"valueName":"search_term_string"}}],"inLanguage":"de"},{"@type":"Organization","@id":"https:\/\/www.waegeli.ch\/de\/#organization","name":"Schreinerei Otto W\u00e4geli AG","url":"https:\/\/www.waegeli.ch\/de\/","logo":{"@type":"ImageObject","inLanguage":"de","@id":"https:\/\/www.waegeli.ch\/de\/#\/schema\/logo\/image\/","url":"https:\/\/www.waegeli.ch\/wp-content\/uploads\/2022\/10\/OttoWaegeli.png","contentUrl":"https:\/\/www.waegeli.ch\/wp-content\/uploads\/2022\/10\/OttoWaegeli.png","width":233,"height":70,"caption":"Schreinerei Otto W\u00e4geli AG"},"image":{"@id":"https:\/\/www.waegeli.ch\/de\/#\/schema\/logo\/image\/"}}]}},"_links":{"self":[{"href":"https:\/\/www.waegeli.ch\/de\/wp-json\/wp\/v2\/pages\/35","targetHints":{"allow":["GET"]}}],"collection":[{"href":"https:\/\/www.waegeli.ch\/de\/wp-json\/wp\/v2\/pages"}],"about":[{"href":"https:\/\/www.waegeli.ch\/de\/wp-json\/wp\/v2\/types\/page"}],"author":[{"embeddable":true,"href":"https:\/\/www.waegeli.ch\/de\/wp-json\/wp\/v2\/users\/2"}],"replies":[{"embeddable":true,"href":"https:\/\/www.waegeli.ch\/de\/wp-json\/wp\/v2\/comments?post=35"}],"version-history":[{"count":4,"href":"https:\/\/www.waegeli.ch\/de\/wp-json\/wp\/v2\/pages\/35\/revisions"}],"predecessor-version":[{"id":7932,"href":"https:\/\/www.waegeli.ch\/de\/wp-json\/wp\/v2\/pages\/35\/revisions\/7932"}],"wp:featuredmedia":[{"embeddable":true,"href":"https:\/\/www.waegeli.ch\/de\/wp-json\/wp\/v2\/media\/337"}],"wp:attachment":[{"href":"https:\/\/www.waegeli.ch\/de\/wp-json\/wp\/v2\/media?parent=35"}],"curies":[{"name":"wp","href":"https:\/\/api.w.org\/{rel}","templated":true}]}}