{"id":6236,"date":"2022-11-24T13:42:29","date_gmt":"2022-11-24T12:42:29","guid":{"rendered":"https:\/\/www.waegeli.ch\/de\/?post_type=projects&#038;p=6236"},"modified":"2023-03-16T15:23:23","modified_gmt":"2023-03-16T14:23:23","slug":"showroom-kueche","status":"publish","type":"projects","link":"https:\/\/www.waegeli.ch\/de\/projekte\/showroom-kueche\/","title":{"rendered":"Showroom K\u00fcche"},"content":{"rendered":"\t\t<div data-elementor-type=\"wp-post\" data-elementor-id=\"6236\" class=\"elementor elementor-6236\" data-elementor-post-type=\"projects\">\n\t\t\t\t\t\t<section class=\"elementor-section elementor-top-section elementor-element elementor-element-cc77360 elementor-section-boxed elementor-section-height-default elementor-section-height-default\" data-id=\"cc77360\" data-element_type=\"section\" data-e-type=\"section\">\n\t\t\t\t\t\t<div class=\"elementor-container elementor-column-gap-default\">\n\t\t\t\t\t<div class=\"elementor-column elementor-col-100 elementor-top-column elementor-element elementor-element-6a905429\" data-id=\"6a905429\" data-element_type=\"column\" data-e-type=\"column\">\n\t\t\t<div class=\"elementor-widget-wrap elementor-element-populated\">\n\t\t\t\t\t\t<div class=\"elementor-element elementor-element-343764db elementor-widget elementor-widget-text-editor\" data-id=\"343764db\" data-element_type=\"widget\" data-e-type=\"widget\" data-widget_type=\"text-editor.default\">\n\t\t\t\t<div class=\"elementor-widget-container\">\n\t\t\t\t\t\t\t\t\t<p>Wir haben bei uns einen Showroom f\u00fcr eine K\u00fcche gebaut.<\/p>\t\t\t\t\t\t\t\t<\/div>\n\t\t\t\t<\/div>\n\t\t\t\t<div class=\"elementor-element elementor-element-90a4643 elementor-widget elementor-widget-spacer\" data-id=\"90a4643\" data-element_type=\"widget\" data-e-type=\"widget\" data-widget_type=\"spacer.default\">\n\t\t\t\t<div class=\"elementor-widget-container\">\n\t\t\t\t\t\t\t<div class=\"elementor-spacer\">\n\t\t\t<div class=\"elementor-spacer-inner\"><\/div>\n\t\t<\/div>\n\t\t\t\t\t\t<\/div>\n\t\t\t\t<\/div>\n\t\t\t\t\t<\/div>\n\t\t<\/div>\n\t\t\t\t\t<\/div>\n\t\t<\/section>\n\t\t\t\t<section class=\"elementor-section elementor-top-section elementor-element elementor-element-d53f2a8 elementor-section-boxed elementor-section-height-default elementor-section-height-default\" data-id=\"d53f2a8\" data-element_type=\"section\" data-e-type=\"section\">\n\t\t\t\t\t\t<div class=\"elementor-container elementor-column-gap-default\">\n\t\t\t\t\t<div class=\"elementor-column elementor-col-100 elementor-top-column elementor-element elementor-element-2d52349\" data-id=\"2d52349\" data-element_type=\"column\" data-e-type=\"column\">\n\t\t\t<div class=\"elementor-widget-wrap elementor-element-populated\">\n\t\t\t\t\t\t<div class=\"elementor-element elementor-element-b486fda elementor-widget elementor-widget-gallery\" data-id=\"b486fda\" data-element_type=\"widget\" data-e-type=\"widget\" data-settings=\"{&quot;columns&quot;:3,&quot;gap&quot;:{&quot;unit&quot;:&quot;px&quot;,&quot;size&quot;:15,&quot;sizes&quot;:[]},&quot;gallery_layout&quot;:&quot;masonry&quot;,&quot;columns_tablet&quot;:2,&quot;columns_mobile&quot;:1,&quot;gap_tablet&quot;:{&quot;unit&quot;:&quot;px&quot;,&quot;size&quot;:10,&quot;sizes&quot;:[]},&quot;gap_mobile&quot;:{&quot;unit&quot;:&quot;px&quot;,&quot;size&quot;:10,&quot;sizes&quot;:[]},&quot;link_to&quot;:&quot;file&quot;,&quot;overlay_background&quot;:&quot;yes&quot;,&quot;content_hover_animation&quot;:&quot;fade-in&quot;}\" data-widget_type=\"gallery.default\">\n\t\t\t\t<div class=\"elementor-widget-container\">\n\t\t\t\t\t\t\t<div class=\"elementor-gallery__container\">\n\t\t\t\t\t\t\t<a class=\"e-gallery-item elementor-gallery-item elementor-animated-content\" href=\"https:\/\/www.waegeli.ch\/wp-content\/uploads\/2022\/11\/KuecheShowroom-34.jpg\" data-elementor-open-lightbox=\"yes\" data-elementor-lightbox-slideshow=\"b486fda\" data-e-action-hash=\"#elementor-action%3Aaction%3Dlightbox%26settings%3DeyJpZCI6NjA5MiwidXJsIjoiaHR0cHM6XC9cL3d3dy53YWVnZWxpLmNoXC93cC1jb250ZW50XC91cGxvYWRzXC8yMDIyXC8xMVwvS3VlY2hlU2hvd3Jvb20tMzQuanBnIiwic2xpZGVzaG93IjoiYjQ4NmZkYSJ9\">\n\t\t\t\t\t<div class=\"e-gallery-image elementor-gallery-item__image\" data-thumbnail=\"https:\/\/www.waegeli.ch\/wp-content\/uploads\/2022\/11\/KuecheShowroom-34-768x1152.jpg\" data-width=\"768\" data-height=\"1152\" aria-label=\"\" role=\"img\" ><\/div>\n\t\t\t\t\t\t\t\t\t\t\t<div class=\"elementor-gallery-item__overlay\"><\/div>\n\t\t\t\t\t\t\t\t\t\t\t\t\t\t<\/a>\n\t\t\t\t\t\t\t<a class=\"e-gallery-item elementor-gallery-item elementor-animated-content\" href=\"https:\/\/www.waegeli.ch\/wp-content\/uploads\/2022\/10\/KuecheShowroomSmall-29-1.jpg\" data-elementor-open-lightbox=\"yes\" data-elementor-lightbox-slideshow=\"b486fda\" data-e-action-hash=\"#elementor-action%3Aaction%3Dlightbox%26settings%3DeyJpZCI6MjE5LCJ1cmwiOiJodHRwczpcL1wvd3d3LndhZWdlbGkuY2hcL3dwLWNvbnRlbnRcL3VwbG9hZHNcLzIwMjJcLzEwXC9LdWVjaGVTaG93cm9vbVNtYWxsLTI5LTEuanBnIiwic2xpZGVzaG93IjoiYjQ4NmZkYSJ9\">\n\t\t\t\t\t<div class=\"e-gallery-image elementor-gallery-item__image\" data-thumbnail=\"https:\/\/www.waegeli.ch\/wp-content\/uploads\/2022\/10\/KuecheShowroomSmall-29-1-768x512.jpg\" data-width=\"768\" data-height=\"512\" aria-label=\"\" role=\"img\" ><\/div>\n\t\t\t\t\t\t\t\t\t\t\t<div class=\"elementor-gallery-item__overlay\"><\/div>\n\t\t\t\t\t\t\t\t\t\t\t\t\t\t<\/a>\n\t\t\t\t\t\t\t<a class=\"e-gallery-item elementor-gallery-item elementor-animated-content\" href=\"https:\/\/www.waegeli.ch\/wp-content\/uploads\/2022\/10\/KuecheShowroomSmall-30-1.jpg\" data-elementor-open-lightbox=\"yes\" data-elementor-lightbox-slideshow=\"b486fda\" data-e-action-hash=\"#elementor-action%3Aaction%3Dlightbox%26settings%3DeyJpZCI6MjIwLCJ1cmwiOiJodHRwczpcL1wvd3d3LndhZWdlbGkuY2hcL3dwLWNvbnRlbnRcL3VwbG9hZHNcLzIwMjJcLzEwXC9LdWVjaGVTaG93cm9vbVNtYWxsLTMwLTEuanBnIiwic2xpZGVzaG93IjoiYjQ4NmZkYSJ9\">\n\t\t\t\t\t<div class=\"e-gallery-image elementor-gallery-item__image\" data-thumbnail=\"https:\/\/www.waegeli.ch\/wp-content\/uploads\/2022\/10\/KuecheShowroomSmall-30-1-768x512.jpg\" data-width=\"768\" data-height=\"512\" aria-label=\"\" role=\"img\" ><\/div>\n\t\t\t\t\t\t\t\t\t\t\t<div class=\"elementor-gallery-item__overlay\"><\/div>\n\t\t\t\t\t\t\t\t\t\t\t\t\t\t<\/a>\n\t\t\t\t\t\t\t<a class=\"e-gallery-item elementor-gallery-item elementor-animated-content\" href=\"https:\/\/www.waegeli.ch\/wp-content\/uploads\/2022\/10\/KuecheShowroomSmall-27-1.jpg\" data-elementor-open-lightbox=\"yes\" data-elementor-lightbox-slideshow=\"b486fda\" data-elementor-lightbox-title=\"K\u00fcche Modern mit Holz\" data-elementor-lightbox-description=\" K\u00fcche Modern mit Holz\" data-e-action-hash=\"#elementor-action%3Aaction%3Dlightbox%26settings%3DeyJpZCI6MjE4LCJ1cmwiOiJodHRwczpcL1wvd3d3LndhZWdlbGkuY2hcL3dwLWNvbnRlbnRcL3VwbG9hZHNcLzIwMjJcLzEwXC9LdWVjaGVTaG93cm9vbVNtYWxsLTI3LTEuanBnIiwic2xpZGVzaG93IjoiYjQ4NmZkYSJ9\">\n\t\t\t\t\t<div class=\"e-gallery-image elementor-gallery-item__image\" data-thumbnail=\"https:\/\/www.waegeli.ch\/wp-content\/uploads\/2022\/10\/KuecheShowroomSmall-27-1-768x512.jpg\" data-width=\"768\" data-height=\"512\" aria-label=\"K\u00fcche Modern mit Holz\" role=\"img\" ><\/div>\n\t\t\t\t\t\t\t\t\t\t\t<div class=\"elementor-gallery-item__overlay\"><\/div>\n\t\t\t\t\t\t\t\t\t\t\t\t\t\t<\/a>\n\t\t\t\t\t\t\t<a class=\"e-gallery-item elementor-gallery-item elementor-animated-content\" href=\"https:\/\/www.waegeli.ch\/wp-content\/uploads\/2022\/10\/KuecheShowroomSmall-22-1.jpg\" data-elementor-open-lightbox=\"yes\" data-elementor-lightbox-slideshow=\"b486fda\" data-e-action-hash=\"#elementor-action%3Aaction%3Dlightbox%26settings%3DeyJpZCI6MjE3LCJ1cmwiOiJodHRwczpcL1wvd3d3LndhZWdlbGkuY2hcL3dwLWNvbnRlbnRcL3VwbG9hZHNcLzIwMjJcLzEwXC9LdWVjaGVTaG93cm9vbVNtYWxsLTIyLTEuanBnIiwic2xpZGVzaG93IjoiYjQ4NmZkYSJ9\">\n\t\t\t\t\t<div class=\"e-gallery-image elementor-gallery-item__image\" data-thumbnail=\"https:\/\/www.waegeli.ch\/wp-content\/uploads\/2022\/10\/KuecheShowroomSmall-22-1-768x512.jpg\" data-width=\"768\" data-height=\"512\" aria-label=\"\" role=\"img\" ><\/div>\n\t\t\t\t\t\t\t\t\t\t\t<div class=\"elementor-gallery-item__overlay\"><\/div>\n\t\t\t\t\t\t\t\t\t\t\t\t\t\t<\/a>\n\t\t\t\t\t\t\t<a class=\"e-gallery-item elementor-gallery-item elementor-animated-content\" href=\"https:\/\/www.waegeli.ch\/wp-content\/uploads\/2020\/03\/KuecheShowroomSmall-30.jpg\" data-elementor-open-lightbox=\"yes\" data-elementor-lightbox-slideshow=\"b486fda\" data-elementor-lightbox-title=\"K\u00fccheShowroomSmall-30\" data-e-action-hash=\"#elementor-action%3Aaction%3Dlightbox%26settings%3DeyJpZCI6Mjc2NiwidXJsIjoiaHR0cHM6XC9cL3d3dy53YWVnZWxpLmNoXC93cC1jb250ZW50XC91cGxvYWRzXC8yMDIwXC8wM1wvS3VlY2hlU2hvd3Jvb21TbWFsbC0zMC5qcGciLCJzbGlkZXNob3ciOiJiNDg2ZmRhIn0%3D\">\n\t\t\t\t\t<div class=\"e-gallery-image elementor-gallery-item__image\" data-thumbnail=\"https:\/\/www.waegeli.ch\/wp-content\/uploads\/2020\/03\/KuecheShowroomSmall-30-768x512.jpg\" data-width=\"768\" data-height=\"512\" aria-label=\"\" role=\"img\" ><\/div>\n\t\t\t\t\t\t\t\t\t\t\t<div class=\"elementor-gallery-item__overlay\"><\/div>\n\t\t\t\t\t\t\t\t\t\t\t\t\t\t<\/a>\n\t\t\t\t\t\t\t<a class=\"e-gallery-item elementor-gallery-item elementor-animated-content\" href=\"https:\/\/www.waegeli.ch\/wp-content\/uploads\/2020\/03\/KuecheShowroomSmall-29.jpg\" data-elementor-open-lightbox=\"yes\" data-elementor-lightbox-slideshow=\"b486fda\" data-e-action-hash=\"#elementor-action%3Aaction%3Dlightbox%26settings%3DeyJpZCI6Mjc2NSwidXJsIjoiaHR0cHM6XC9cL3d3dy53YWVnZWxpLmNoXC93cC1jb250ZW50XC91cGxvYWRzXC8yMDIwXC8wM1wvS3VlY2hlU2hvd3Jvb21TbWFsbC0yOS5qcGciLCJzbGlkZXNob3ciOiJiNDg2ZmRhIn0%3D\">\n\t\t\t\t\t<div class=\"e-gallery-image elementor-gallery-item__image\" data-thumbnail=\"https:\/\/www.waegeli.ch\/wp-content\/uploads\/2020\/03\/KuecheShowroomSmall-29-768x512.jpg\" data-width=\"768\" data-height=\"512\" aria-label=\"\" role=\"img\" ><\/div>\n\t\t\t\t\t\t\t\t\t\t\t<div class=\"elementor-gallery-item__overlay\"><\/div>\n\t\t\t\t\t\t\t\t\t\t\t\t\t\t<\/a>\n\t\t\t\t\t\t\t<a class=\"e-gallery-item elementor-gallery-item elementor-animated-content\" href=\"https:\/\/www.waegeli.ch\/wp-content\/uploads\/2020\/03\/KuecheShowroomSmall-27.jpg\" data-elementor-open-lightbox=\"yes\" data-elementor-lightbox-slideshow=\"b486fda\" data-e-action-hash=\"#elementor-action%3Aaction%3Dlightbox%26settings%3DeyJpZCI6Mjc2MywidXJsIjoiaHR0cHM6XC9cL3d3dy53YWVnZWxpLmNoXC93cC1jb250ZW50XC91cGxvYWRzXC8yMDIwXC8wM1wvS3VlY2hlU2hvd3Jvb21TbWFsbC0yNy5qcGciLCJzbGlkZXNob3ciOiJiNDg2ZmRhIn0%3D\">\n\t\t\t\t\t<div class=\"e-gallery-image elementor-gallery-item__image\" data-thumbnail=\"https:\/\/www.waegeli.ch\/wp-content\/uploads\/2020\/03\/KuecheShowroomSmall-27-768x512.jpg\" data-width=\"768\" data-height=\"512\" aria-label=\"\" role=\"img\" ><\/div>\n\t\t\t\t\t\t\t\t\t\t\t<div class=\"elementor-gallery-item__overlay\"><\/div>\n\t\t\t\t\t\t\t\t\t\t\t\t\t\t<\/a>\n\t\t\t\t\t\t\t<a class=\"e-gallery-item elementor-gallery-item elementor-animated-content\" href=\"https:\/\/www.waegeli.ch\/wp-content\/uploads\/2020\/03\/KuecheShowroomSmall-24.jpg\" data-elementor-open-lightbox=\"yes\" data-elementor-lightbox-slideshow=\"b486fda\" data-elementor-lightbox-title=\"K\u00fccheShowroomSmall-24\" data-e-action-hash=\"#elementor-action%3Aaction%3Dlightbox%26settings%3DeyJpZCI6Mjc2MiwidXJsIjoiaHR0cHM6XC9cL3d3dy53YWVnZWxpLmNoXC93cC1jb250ZW50XC91cGxvYWRzXC8yMDIwXC8wM1wvS3VlY2hlU2hvd3Jvb21TbWFsbC0yNC5qcGciLCJzbGlkZXNob3ciOiJiNDg2ZmRhIn0%3D\">\n\t\t\t\t\t<div class=\"e-gallery-image elementor-gallery-item__image\" data-thumbnail=\"https:\/\/www.waegeli.ch\/wp-content\/uploads\/2020\/03\/KuecheShowroomSmall-24-768x512.jpg\" data-width=\"768\" data-height=\"512\" aria-label=\"\" role=\"img\" ><\/div>\n\t\t\t\t\t\t\t\t\t\t\t<div class=\"elementor-gallery-item__overlay\"><\/div>\n\t\t\t\t\t\t\t\t\t\t\t\t\t\t<\/a>\n\t\t\t\t\t\t\t<a class=\"e-gallery-item elementor-gallery-item elementor-animated-content\" href=\"https:\/\/www.waegeli.ch\/wp-content\/uploads\/2020\/03\/KuecheShowroomSmall-23.jpg\" data-elementor-open-lightbox=\"yes\" data-elementor-lightbox-slideshow=\"b486fda\" data-elementor-lightbox-title=\"K\u00fccheShowroomSmall-23\" data-e-action-hash=\"#elementor-action%3Aaction%3Dlightbox%26settings%3DeyJpZCI6Mjc2MSwidXJsIjoiaHR0cHM6XC9cL3d3dy53YWVnZWxpLmNoXC93cC1jb250ZW50XC91cGxvYWRzXC8yMDIwXC8wM1wvS3VlY2hlU2hvd3Jvb21TbWFsbC0yMy5qcGciLCJzbGlkZXNob3ciOiJiNDg2ZmRhIn0%3D\">\n\t\t\t\t\t<div class=\"e-gallery-image elementor-gallery-item__image\" data-thumbnail=\"https:\/\/www.waegeli.ch\/wp-content\/uploads\/2020\/03\/KuecheShowroomSmall-23.jpg\" data-width=\"683\" data-height=\"1024\" aria-label=\"\" role=\"img\" ><\/div>\n\t\t\t\t\t\t\t\t\t\t\t<div class=\"elementor-gallery-item__overlay\"><\/div>\n\t\t\t\t\t\t\t\t\t\t\t\t\t\t<\/a>\n\t\t\t\t\t\t\t<a class=\"e-gallery-item elementor-gallery-item elementor-animated-content\" href=\"https:\/\/www.waegeli.ch\/wp-content\/uploads\/2020\/03\/KuecheShowroomSmall-16.jpg\" data-elementor-open-lightbox=\"yes\" data-elementor-lightbox-slideshow=\"b486fda\" data-elementor-lightbox-title=\"K\u00fccheShowroomSmall-16\" data-e-action-hash=\"#elementor-action%3Aaction%3Dlightbox%26settings%3DeyJpZCI6Mjc1OCwidXJsIjoiaHR0cHM6XC9cL3d3dy53YWVnZWxpLmNoXC93cC1jb250ZW50XC91cGxvYWRzXC8yMDIwXC8wM1wvS3VlY2hlU2hvd3Jvb21TbWFsbC0xNi5qcGciLCJzbGlkZXNob3ciOiJiNDg2ZmRhIn0%3D\">\n\t\t\t\t\t<div class=\"e-gallery-image elementor-gallery-item__image\" data-thumbnail=\"https:\/\/www.waegeli.ch\/wp-content\/uploads\/2020\/03\/KuecheShowroomSmall-16-768x512.jpg\" data-width=\"768\" data-height=\"512\" aria-label=\"\" role=\"img\" ><\/div>\n\t\t\t\t\t\t\t\t\t\t\t<div class=\"elementor-gallery-item__overlay\"><\/div>\n\t\t\t\t\t\t\t\t\t\t\t\t\t\t<\/a>\n\t\t\t\t\t\t\t<a class=\"e-gallery-item elementor-gallery-item elementor-animated-content\" href=\"https:\/\/www.waegeli.ch\/wp-content\/uploads\/2020\/03\/KuecheShowroomSmall-17.jpg\" data-elementor-open-lightbox=\"yes\" data-elementor-lightbox-slideshow=\"b486fda\" data-e-action-hash=\"#elementor-action%3Aaction%3Dlightbox%26settings%3DeyJpZCI6Mjc1OSwidXJsIjoiaHR0cHM6XC9cL3d3dy53YWVnZWxpLmNoXC93cC1jb250ZW50XC91cGxvYWRzXC8yMDIwXC8wM1wvS3VlY2hlU2hvd3Jvb21TbWFsbC0xNy5qcGciLCJzbGlkZXNob3ciOiJiNDg2ZmRhIn0%3D\">\n\t\t\t\t\t<div class=\"e-gallery-image elementor-gallery-item__image\" data-thumbnail=\"https:\/\/www.waegeli.ch\/wp-content\/uploads\/2020\/03\/KuecheShowroomSmall-17.jpg\" data-width=\"683\" data-height=\"1024\" aria-label=\"\" role=\"img\" ><\/div>\n\t\t\t\t\t\t\t\t\t\t\t<div class=\"elementor-gallery-item__overlay\"><\/div>\n\t\t\t\t\t\t\t\t\t\t\t\t\t\t<\/a>\n\t\t\t\t\t\t\t<a class=\"e-gallery-item elementor-gallery-item elementor-animated-content\" href=\"https:\/\/www.waegeli.ch\/wp-content\/uploads\/2020\/03\/KuecheShowroomSmall-22.jpg\" data-elementor-open-lightbox=\"yes\" data-elementor-lightbox-slideshow=\"b486fda\" data-elementor-lightbox-title=\"K\u00fccheShowroomSmall-22\" data-e-action-hash=\"#elementor-action%3Aaction%3Dlightbox%26settings%3DeyJpZCI6Mjc2MCwidXJsIjoiaHR0cHM6XC9cL3d3dy53YWVnZWxpLmNoXC93cC1jb250ZW50XC91cGxvYWRzXC8yMDIwXC8wM1wvS3VlY2hlU2hvd3Jvb21TbWFsbC0yMi5qcGciLCJzbGlkZXNob3ciOiJiNDg2ZmRhIn0%3D\">\n\t\t\t\t\t<div class=\"e-gallery-image elementor-gallery-item__image\" data-thumbnail=\"https:\/\/www.waegeli.ch\/wp-content\/uploads\/2020\/03\/KuecheShowroomSmall-22-768x512.jpg\" data-width=\"768\" data-height=\"512\" aria-label=\"\" role=\"img\" ><\/div>\n\t\t\t\t\t\t\t\t\t\t\t<div class=\"elementor-gallery-item__overlay\"><\/div>\n\t\t\t\t\t\t\t\t\t\t\t\t\t\t<\/a>\n\t\t\t\t\t\t\t<a class=\"e-gallery-item elementor-gallery-item elementor-animated-content\" href=\"https:\/\/www.waegeli.ch\/wp-content\/uploads\/2020\/03\/KuecheShowroomSmall-28.jpg\" data-elementor-open-lightbox=\"yes\" data-elementor-lightbox-slideshow=\"b486fda\" data-e-action-hash=\"#elementor-action%3Aaction%3Dlightbox%26settings%3DeyJpZCI6Mjc2NCwidXJsIjoiaHR0cHM6XC9cL3d3dy53YWVnZWxpLmNoXC93cC1jb250ZW50XC91cGxvYWRzXC8yMDIwXC8wM1wvS3VlY2hlU2hvd3Jvb21TbWFsbC0yOC5qcGciLCJzbGlkZXNob3ciOiJiNDg2ZmRhIn0%3D\">\n\t\t\t\t\t<div class=\"e-gallery-image elementor-gallery-item__image\" data-thumbnail=\"https:\/\/www.waegeli.ch\/wp-content\/uploads\/2020\/03\/KuecheShowroomSmall-28.jpg\" data-width=\"683\" data-height=\"1024\" aria-label=\"\" role=\"img\" ><\/div>\n\t\t\t\t\t\t\t\t\t\t\t<div class=\"elementor-gallery-item__overlay\"><\/div>\n\t\t\t\t\t\t\t\t\t\t\t\t\t\t<\/a>\n\t\t\t\t\t\t\t<a class=\"e-gallery-item elementor-gallery-item elementor-animated-content\" href=\"https:\/\/www.waegeli.ch\/wp-content\/uploads\/2022\/11\/KuecheShowroom-9.jpg\" data-elementor-open-lightbox=\"yes\" data-elementor-lightbox-slideshow=\"b486fda\" data-e-action-hash=\"#elementor-action%3Aaction%3Dlightbox%26settings%3DeyJpZCI6NjEwMiwidXJsIjoiaHR0cHM6XC9cL3d3dy53YWVnZWxpLmNoXC93cC1jb250ZW50XC91cGxvYWRzXC8yMDIyXC8xMVwvS3VlY2hlU2hvd3Jvb20tOS5qcGciLCJzbGlkZXNob3ciOiJiNDg2ZmRhIn0%3D\">\n\t\t\t\t\t<div class=\"e-gallery-image elementor-gallery-item__image\" data-thumbnail=\"https:\/\/www.waegeli.ch\/wp-content\/uploads\/2022\/11\/KuecheShowroom-9-768x512.jpg\" data-width=\"768\" data-height=\"512\" aria-label=\"\" role=\"img\" ><\/div>\n\t\t\t\t\t\t\t\t\t\t\t<div class=\"elementor-gallery-item__overlay\"><\/div>\n\t\t\t\t\t\t\t\t\t\t\t\t\t\t<\/a>\n\t\t\t\t\t\t\t<a class=\"e-gallery-item elementor-gallery-item elementor-animated-content\" href=\"https:\/\/www.waegeli.ch\/wp-content\/uploads\/2022\/11\/KuecheShowroom-14.jpg\" data-elementor-open-lightbox=\"yes\" data-elementor-lightbox-slideshow=\"b486fda\" data-e-action-hash=\"#elementor-action%3Aaction%3Dlightbox%26settings%3DeyJpZCI6NjEwMCwidXJsIjoiaHR0cHM6XC9cL3d3dy53YWVnZWxpLmNoXC93cC1jb250ZW50XC91cGxvYWRzXC8yMDIyXC8xMVwvS3VlY2hlU2hvd3Jvb20tMTQuanBnIiwic2xpZGVzaG93IjoiYjQ4NmZkYSJ9\">\n\t\t\t\t\t<div class=\"e-gallery-image elementor-gallery-item__image\" data-thumbnail=\"https:\/\/www.waegeli.ch\/wp-content\/uploads\/2022\/11\/KuecheShowroom-14-768x1152.jpg\" data-width=\"768\" data-height=\"1152\" aria-label=\"\" role=\"img\" ><\/div>\n\t\t\t\t\t\t\t\t\t\t\t<div class=\"elementor-gallery-item__overlay\"><\/div>\n\t\t\t\t\t\t\t\t\t\t\t\t\t\t<\/a>\n\t\t\t\t\t\t\t<a class=\"e-gallery-item elementor-gallery-item elementor-animated-content\" href=\"https:\/\/www.waegeli.ch\/wp-content\/uploads\/2022\/11\/KuecheShowroom-4.jpg\" data-elementor-open-lightbox=\"yes\" data-elementor-lightbox-slideshow=\"b486fda\" data-e-action-hash=\"#elementor-action%3Aaction%3Dlightbox%26settings%3DeyJpZCI6NjA5OCwidXJsIjoiaHR0cHM6XC9cL3d3dy53YWVnZWxpLmNoXC93cC1jb250ZW50XC91cGxvYWRzXC8yMDIyXC8xMVwvS3VlY2hlU2hvd3Jvb20tNC5qcGciLCJzbGlkZXNob3ciOiJiNDg2ZmRhIn0%3D\">\n\t\t\t\t\t<div class=\"e-gallery-image elementor-gallery-item__image\" data-thumbnail=\"https:\/\/www.waegeli.ch\/wp-content\/uploads\/2022\/11\/KuecheShowroom-4-768x512.jpg\" data-width=\"768\" data-height=\"512\" aria-label=\"\" role=\"img\" ><\/div>\n\t\t\t\t\t\t\t\t\t\t\t<div class=\"elementor-gallery-item__overlay\"><\/div>\n\t\t\t\t\t\t\t\t\t\t\t\t\t\t<\/a>\n\t\t\t\t\t<\/div>\n\t\t\t\t\t<\/div>\n\t\t\t\t<\/div>\n\t\t\t\t\t<\/div>\n\t\t<\/div>\n\t\t\t\t\t<\/div>\n\t\t<\/section>\n\t\t\t\t<\/div>\n\t\t","protected":false},"excerpt":{"rendered":"<p>Wir haben bei uns einen Showroom f\u00fcr eine K\u00fcche gebaut.<\/p>\n","protected":false},"featured_media":219,"menu_order":0,"template":"","meta":{"_acf_changed":false},"class_list":["post-6236","projects","type-projects","status-publish","has-post-thumbnail","hentry","project_category-kuechen"],"acf":[],"yoast_head":"<!-- This site is optimized with the Yoast SEO plugin v26.9 - https:\/\/yoast.com\/product\/yoast-seo-wordpress\/ -->\n<title>Showroom K\u00fcche - Schreinerei Otto W\u00e4geli AG<\/title>\n<meta name=\"robots\" content=\"index, follow, max-snippet:-1, max-image-preview:large, max-video-preview:-1\" \/>\n<link rel=\"canonical\" href=\"https:\/\/www.waegeli.ch\/de\/projekte\/showroom-kueche\/\" \/>\n<meta property=\"og:locale\" content=\"de_DE\" \/>\n<meta property=\"og:type\" content=\"article\" \/>\n<meta property=\"og:title\" content=\"Showroom K\u00fcche - Schreinerei Otto W\u00e4geli AG\" \/>\n<meta property=\"og:description\" content=\"Wir haben bei uns einen Showroom f\u00fcr eine K\u00fcche gebaut.\" \/>\n<meta property=\"og:url\" content=\"https:\/\/www.waegeli.ch\/de\/projekte\/showroom-kueche\/\" \/>\n<meta property=\"og:site_name\" content=\"Schreinerei Otto W\u00e4geli AG\" \/>\n<meta property=\"article:modified_time\" content=\"2023-03-16T14:23:23+00:00\" \/>\n<meta property=\"og:image\" content=\"https:\/\/www.waegeli.ch\/wp-content\/uploads\/2022\/10\/KuecheShowroomSmall-29-1.jpg\" \/>\n\t<meta property=\"og:image:width\" content=\"1920\" \/>\n\t<meta property=\"og:image:height\" content=\"1280\" \/>\n\t<meta property=\"og:image:type\" content=\"image\/jpeg\" \/>\n<meta name=\"twitter:card\" content=\"summary_large_image\" \/>\n<meta name=\"twitter:label1\" content=\"Gesch\u00e4tzte Lesezeit\" \/>\n\t<meta name=\"twitter:data1\" content=\"1\u00a0Minute\" \/>\n<script type=\"application\/ld+json\" class=\"yoast-schema-graph\">{\"@context\":\"https:\/\/schema.org\",\"@graph\":[{\"@type\":\"WebPage\",\"@id\":\"https:\/\/www.waegeli.ch\/de\/projekte\/showroom-kueche\/\",\"url\":\"https:\/\/www.waegeli.ch\/de\/projekte\/showroom-kueche\/\",\"name\":\"Showroom K\u00fcche - Schreinerei Otto W\u00e4geli AG\",\"isPartOf\":{\"@id\":\"https:\/\/www.waegeli.ch\/de\/#website\"},\"primaryImageOfPage\":{\"@id\":\"https:\/\/www.waegeli.ch\/de\/projekte\/showroom-kueche\/#primaryimage\"},\"image\":{\"@id\":\"https:\/\/www.waegeli.ch\/de\/projekte\/showroom-kueche\/#primaryimage\"},\"thumbnailUrl\":\"https:\/\/www.waegeli.ch\/wp-content\/uploads\/2022\/10\/KuecheShowroomSmall-29-1.jpg\",\"datePublished\":\"2022-11-24T12:42:29+00:00\",\"dateModified\":\"2023-03-16T14:23:23+00:00\",\"breadcrumb\":{\"@id\":\"https:\/\/www.waegeli.ch\/de\/projekte\/showroom-kueche\/#breadcrumb\"},\"inLanguage\":\"de\",\"potentialAction\":[{\"@type\":\"ReadAction\",\"target\":[\"https:\/\/www.waegeli.ch\/de\/projekte\/showroom-kueche\/\"]}]},{\"@type\":\"ImageObject\",\"inLanguage\":\"de\",\"@id\":\"https:\/\/www.waegeli.ch\/de\/projekte\/showroom-kueche\/#primaryimage\",\"url\":\"https:\/\/www.waegeli.ch\/wp-content\/uploads\/2022\/10\/KuecheShowroomSmall-29-1.jpg\",\"contentUrl\":\"https:\/\/www.waegeli.ch\/wp-content\/uploads\/2022\/10\/KuecheShowroomSmall-29-1.jpg\",\"width\":1920,\"height\":1280},{\"@type\":\"BreadcrumbList\",\"@id\":\"https:\/\/www.waegeli.ch\/de\/projekte\/showroom-kueche\/#breadcrumb\",\"itemListElement\":[{\"@type\":\"ListItem\",\"position\":1,\"name\":\"Startseite\",\"item\":\"https:\/\/www.waegeli.ch\/de\/\"},{\"@type\":\"ListItem\",\"position\":2,\"name\":\"Projekte\",\"item\":\"\/de\/projekte\/\"},{\"@type\":\"ListItem\",\"position\":3,\"name\":\"Showroom K\u00fcche\"}]},{\"@type\":\"WebSite\",\"@id\":\"https:\/\/www.waegeli.ch\/de\/#website\",\"url\":\"https:\/\/www.waegeli.ch\/de\/\",\"name\":\"Schreinerei Otto W\u00e4geli AG\",\"description\":\"Holz ist das ganze Leben\",\"publisher\":{\"@id\":\"https:\/\/www.waegeli.ch\/de\/#organization\"},\"potentialAction\":[{\"@type\":\"SearchAction\",\"target\":{\"@type\":\"EntryPoint\",\"urlTemplate\":\"https:\/\/www.waegeli.ch\/de\/?s={search_term_string}\"},\"query-input\":{\"@type\":\"PropertyValueSpecification\",\"valueRequired\":true,\"valueName\":\"search_term_string\"}}],\"inLanguage\":\"de\"},{\"@type\":\"Organization\",\"@id\":\"https:\/\/www.waegeli.ch\/de\/#organization\",\"name\":\"Schreinerei Otto W\u00e4geli AG\",\"url\":\"https:\/\/www.waegeli.ch\/de\/\",\"logo\":{\"@type\":\"ImageObject\",\"inLanguage\":\"de\",\"@id\":\"https:\/\/www.waegeli.ch\/de\/#\/schema\/logo\/image\/\",\"url\":\"https:\/\/www.waegeli.ch\/wp-content\/uploads\/2022\/10\/OttoWaegeli.png\",\"contentUrl\":\"https:\/\/www.waegeli.ch\/wp-content\/uploads\/2022\/10\/OttoWaegeli.png\",\"width\":233,\"height\":70,\"caption\":\"Schreinerei Otto W\u00e4geli AG\"},\"image\":{\"@id\":\"https:\/\/www.waegeli.ch\/de\/#\/schema\/logo\/image\/\"}}]}<\/script>\n<!-- \/ Yoast SEO plugin. -->","yoast_head_json":{"title":"Showroom K\u00fcche - Schreinerei Otto W\u00e4geli AG","robots":{"index":"index","follow":"follow","max-snippet":"max-snippet:-1","max-image-preview":"max-image-preview:large","max-video-preview":"max-video-preview:-1"},"canonical":"https:\/\/www.waegeli.ch\/de\/projekte\/showroom-kueche\/","og_locale":"de_DE","og_type":"article","og_title":"Showroom K\u00fcche - Schreinerei Otto W\u00e4geli AG","og_description":"Wir haben bei uns einen Showroom f\u00fcr eine K\u00fcche gebaut.","og_url":"https:\/\/www.waegeli.ch\/de\/projekte\/showroom-kueche\/","og_site_name":"Schreinerei Otto W\u00e4geli AG","article_modified_time":"2023-03-16T14:23:23+00:00","og_image":[{"width":1920,"height":1280,"url":"https:\/\/www.waegeli.ch\/wp-content\/uploads\/2022\/10\/KuecheShowroomSmall-29-1.jpg","type":"image\/jpeg"}],"twitter_card":"summary_large_image","twitter_misc":{"Gesch\u00e4tzte Lesezeit":"1\u00a0Minute"},"schema":{"@context":"https:\/\/schema.org","@graph":[{"@type":"WebPage","@id":"https:\/\/www.waegeli.ch\/de\/projekte\/showroom-kueche\/","url":"https:\/\/www.waegeli.ch\/de\/projekte\/showroom-kueche\/","name":"Showroom K\u00fcche - Schreinerei Otto W\u00e4geli AG","isPartOf":{"@id":"https:\/\/www.waegeli.ch\/de\/#website"},"primaryImageOfPage":{"@id":"https:\/\/www.waegeli.ch\/de\/projekte\/showroom-kueche\/#primaryimage"},"image":{"@id":"https:\/\/www.waegeli.ch\/de\/projekte\/showroom-kueche\/#primaryimage"},"thumbnailUrl":"https:\/\/www.waegeli.ch\/wp-content\/uploads\/2022\/10\/KuecheShowroomSmall-29-1.jpg","datePublished":"2022-11-24T12:42:29+00:00","dateModified":"2023-03-16T14:23:23+00:00","breadcrumb":{"@id":"https:\/\/www.waegeli.ch\/de\/projekte\/showroom-kueche\/#breadcrumb"},"inLanguage":"de","potentialAction":[{"@type":"ReadAction","target":["https:\/\/www.waegeli.ch\/de\/projekte\/showroom-kueche\/"]}]},{"@type":"ImageObject","inLanguage":"de","@id":"https:\/\/www.waegeli.ch\/de\/projekte\/showroom-kueche\/#primaryimage","url":"https:\/\/www.waegeli.ch\/wp-content\/uploads\/2022\/10\/KuecheShowroomSmall-29-1.jpg","contentUrl":"https:\/\/www.waegeli.ch\/wp-content\/uploads\/2022\/10\/KuecheShowroomSmall-29-1.jpg","width":1920,"height":1280},{"@type":"BreadcrumbList","@id":"https:\/\/www.waegeli.ch\/de\/projekte\/showroom-kueche\/#breadcrumb","itemListElement":[{"@type":"ListItem","position":1,"name":"Startseite","item":"https:\/\/www.waegeli.ch\/de\/"},{"@type":"ListItem","position":2,"name":"Projekte","item":"\/de\/projekte\/"},{"@type":"ListItem","position":3,"name":"Showroom K\u00fcche"}]},{"@type":"WebSite","@id":"https:\/\/www.waegeli.ch\/de\/#website","url":"https:\/\/www.waegeli.ch\/de\/","name":"Schreinerei Otto W\u00e4geli AG","description":"Holz ist das ganze Leben","publisher":{"@id":"https:\/\/www.waegeli.ch\/de\/#organization"},"potentialAction":[{"@type":"SearchAction","target":{"@type":"EntryPoint","urlTemplate":"https:\/\/www.waegeli.ch\/de\/?s={search_term_string}"},"query-input":{"@type":"PropertyValueSpecification","valueRequired":true,"valueName":"search_term_string"}}],"inLanguage":"de"},{"@type":"Organization","@id":"https:\/\/www.waegeli.ch\/de\/#organization","name":"Schreinerei Otto W\u00e4geli AG","url":"https:\/\/www.waegeli.ch\/de\/","logo":{"@type":"ImageObject","inLanguage":"de","@id":"https:\/\/www.waegeli.ch\/de\/#\/schema\/logo\/image\/","url":"https:\/\/www.waegeli.ch\/wp-content\/uploads\/2022\/10\/OttoWaegeli.png","contentUrl":"https:\/\/www.waegeli.ch\/wp-content\/uploads\/2022\/10\/OttoWaegeli.png","width":233,"height":70,"caption":"Schreinerei Otto W\u00e4geli AG"},"image":{"@id":"https:\/\/www.waegeli.ch\/de\/#\/schema\/logo\/image\/"}}]}},"_links":{"self":[{"href":"https:\/\/www.waegeli.ch\/de\/wp-json\/wp\/v2\/projects\/6236","targetHints":{"allow":["GET"]}}],"collection":[{"href":"https:\/\/www.waegeli.ch\/de\/wp-json\/wp\/v2\/projects"}],"about":[{"href":"https:\/\/www.waegeli.ch\/de\/wp-json\/wp\/v2\/types\/projects"}],"version-history":[{"count":1,"href":"https:\/\/www.waegeli.ch\/de\/wp-json\/wp\/v2\/projects\/6236\/revisions"}],"predecessor-version":[{"id":7020,"href":"https:\/\/www.waegeli.ch\/de\/wp-json\/wp\/v2\/projects\/6236\/revisions\/7020"}],"wp:featuredmedia":[{"embeddable":true,"href":"https:\/\/www.waegeli.ch\/de\/wp-json\/wp\/v2\/media\/219"}],"wp:attachment":[{"href":"https:\/\/www.waegeli.ch\/de\/wp-json\/wp\/v2\/media?parent=6236"}],"curies":[{"name":"wp","href":"https:\/\/api.w.org\/{rel}","templated":true}]}}